{"id":8562,"date":"2022-03-31T11:17:28","date_gmt":"2022-03-31T11:17:28","guid":{"rendered":"https:\/\/www.inmobiliariacoll.com\/property\/gran-casa-de-pueblo-con-terraza-y-patio-cerca-del-centro\/"},"modified":"2022-10-24T11:32:53","modified_gmt":"2022-10-24T11:32:53","slug":"gran-casa-de-pueblo-con-terraza-y-patio-cerca-del-centro","status":"publish","type":"property","link":"https:\/\/www.inmobiliariacoll.com\/de\/property\/gran-casa-de-pueblo-con-terraza-y-patio-cerca-del-centro\/","title":{"rendered":"Gro\u00dfes Stadthaus mit Terrasse und Patio in Zentrumsn\u00e4he"},"content":{"rendered":"\n<p>Dieses gro\u00dfe Stadthaus befindet sich in einer h\u00fcbschen Stra\u00dfe in S\u00f3ller, nur wenige Gehminuten vom zentralen Platz entfernt und hat Zugang von zwei Stra\u00dfen. Seine 400 m2 bebaute Fl\u00e4che verteilen sich auf 3 Etagen plus einen Keller und einen Au\u00dfenanbau mit zwei Etagen. Der Eingang des Hauses f\u00fchrt zu einem ger\u00e4umigen Zimmer mit Kamin, einem Badezimmer, einem Wohn-Esszimmer und einer K\u00fcche mit Zugang zum Patio. Vom Eingang gelangen Sie auch durch einen weiteren gro\u00dfen Raum mit Kamin auf die Terrasse. Im ersten Stock finden wir einen gro\u00dfen Verteiler mit Kamin, ein Badezimmer und 4 Schlafzimmer. Das Obergeschoss ist aufgeteilt in Verteiler, 3 Schlafzimmer, eine Toilette und eine gro\u00dfe \u00fcberdachte Terrasse. Ohne Zweifel ein fantastisches Projekt mit viel Potenzial in einer wundersch\u00f6nen Stra\u00dfe, die sich durch ihre pr\u00e4chtigen H\u00e4user auszeichnet.<\/p>\n","protected":false},"excerpt":{"rendered":"<p>Dieses gro\u00dfe Stadthaus befindet sich in einer h\u00fcbschen Stra\u00dfe in S\u00f3ller, nur wenige Gehminuten vom zentralen Platz entfernt und hat Zugang von zwei Stra\u00dfen. Seine 400 m2 bebaute Fl\u00e4che verteilen sich auf 3 Etagen plus einen Keller und einen Au\u00dfenanbau mit zwei Etagen. Der Eingang des Hauses f\u00fchrt zu einem ger\u00e4umigen Zimmer mit Kamin, einem [&hellip;]<\/p>\n","protected":false},"author":3,"featured_media":8555,"parent":0,"menu_order":0,"template":"","property_type":[137],"property_status":[149],"property_feature":[],"property_label":[],"property_country":[157],"property_state":[161],"property_city":[174],"property_area":[],"class_list":["post-8562","property","type-property","status-publish","has-post-thumbnail","hentry","property_type-haus","property_status-verkauf","property_country-spanien","property_state-mallorca-de","property_city-soller-de"],"property_meta":{"fave_property_size":["402"],"fave_property_bedrooms":["7"],"fave_property_bathrooms":["3"],"fave_property_id":["20515"],"fave_property_map":["1"],"fave_property_location":["25.68654,-80.431345,15"],"houzez_geolocation_lat":["25.68654"],"houzez_geolocation_long":["-80.431345"],"fave_property_map_street_view":["hide"],"fave_featured":["0"],"fave_loggedintoview":["0"],"fave_agent_display_option":["author_info"],"fave_agents":["-1"],"fave_property_agency":["-1"],"fave_prop_homeslider":["no"],"fave_single_top_area":["global"],"fave_single_content_area":["global"],"rs_page_bg_color":[""],"houzez_manual_expire":["0"],"_houzez_expiration_date_status":["saved"],"_wpml_media_duplicate":["1"],"_wpml_media_featured":["1"],"houzez_total_property_views":["153"],"houzez_views_by_date":["a:61:{s:10:\"12-16-2023\";i:1;s:10:\"12-17-2023\";i:1;s:10:\"12-30-2023\";i:1;s:10:\"01-20-2024\";i:1;s:10:\"02-03-2024\";i:1;s:10:\"02-05-2024\";i:1;s:10:\"02-09-2024\";i:1;s:10:\"02-24-2024\";i:1;s:10:\"03-12-2024\";i:1;s:10:\"03-30-2024\";i:1;s:10:\"04-01-2024\";i:1;s:10:\"04-05-2024\";i:1;s:10:\"04-11-2024\";i:1;s:10:\"04-26-2024\";i:1;s:10:\"05-07-2024\";i:1;s:10:\"05-20-2024\";i:1;s:10:\"06-05-2024\";i:1;s:10:\"06-08-2024\";i:1;s:10:\"06-12-2024\";i:1;s:10:\"06-24-2024\";i:1;s:10:\"06-27-2024\";i:2;s:10:\"07-21-2024\";i:1;s:10:\"08-09-2024\";i:1;s:10:\"08-21-2024\";i:1;s:10:\"08-31-2024\";i:1;s:10:\"09-06-2024\";i:1;s:10:\"09-13-2024\";i:1;s:10:\"11-05-2024\";i:1;s:10:\"11-21-2024\";i:1;s:10:\"12-08-2024\";i:1;s:10:\"12-14-2024\";i:1;s:10:\"01-09-2025\";i:1;s:10:\"01-23-2025\";i:1;s:10:\"02-08-2025\";i:1;s:10:\"02-11-2025\";i:1;s:10:\"03-06-2025\";i:1;s:10:\"03-26-2025\";i:1;s:10:\"04-07-2025\";i:1;s:10:\"04-30-2025\";i:1;s:10:\"05-08-2025\";i:3;s:10:\"05-22-2025\";i:1;s:10:\"06-07-2025\";i:1;s:10:\"08-12-2025\";i:1;s:10:\"09-06-2025\";i:1;s:10:\"09-11-2025\";i:2;s:10:\"09-12-2025\";i:1;s:10:\"09-17-2025\";i:1;s:10:\"09-23-2025\";i:1;s:10:\"09-25-2025\";i:2;s:10:\"10-10-2025\";i:1;s:10:\"10-16-2025\";i:1;s:10:\"11-13-2025\";i:1;s:10:\"11-17-2025\";i:1;s:10:\"12-04-2025\";i:1;s:10:\"12-31-2025\";i:1;s:10:\"01-15-2026\";i:1;s:10:\"01-16-2026\";i:1;s:10:\"02-24-2026\";i:1;s:10:\"03-10-2026\";i:1;s:10:\"04-12-2026\";i:1;s:10:\"04-18-2026\";i:1;}"],"houzez_recently_viewed":["2026-04-18 09:46:54"],"_edit_lock":["1666614099:3"],"_last_translation_edit_mode":["native-editor"],"_edit_last":["3"],"fave_property_images":["8487","8491","8535","8507","8527","8499","8519","8495","8503","8511","8515","8523","8539","8555","8551"],"_thumbnail_id":["8555"],"fave_property_price":["1200000"]},"_links":{"self":[{"href":"https:\/\/www.inmobiliariacoll.com\/de\/wp-json\/wp\/v2\/properties\/8562","targetHints":{"allow":["GET"]}}],"collection":[{"href":"https:\/\/www.inmobiliariacoll.com\/de\/wp-json\/wp\/v2\/properties"}],"about":[{"href":"https:\/\/www.inmobiliariacoll.com\/de\/wp-json\/wp\/v2\/types\/property"}],"author":[{"embeddable":true,"href":"https:\/\/www.inmobiliariacoll.com\/de\/wp-json\/wp\/v2\/users\/3"}],"version-history":[{"count":1,"href":"https:\/\/www.inmobiliariacoll.com\/de\/wp-json\/wp\/v2\/properties\/8562\/revisions"}],"predecessor-version":[{"id":10095,"href":"https:\/\/www.inmobiliariacoll.com\/de\/wp-json\/wp\/v2\/properties\/8562\/revisions\/10095"}],"wp:featuredmedia":[{"embeddable":true,"href":"https:\/\/www.inmobiliariacoll.com\/de\/wp-json\/wp\/v2\/media\/8555"}],"wp:attachment":[{"href":"https:\/\/www.inmobiliariacoll.com\/de\/wp-json\/wp\/v2\/media?parent=8562"}],"wp:term":[{"taxonomy":"property_type","embeddable":true,"href":"https:\/\/www.inmobiliariacoll.com\/de\/wp-json\/wp\/v2\/property_type?post=8562"},{"taxonomy":"property_status","embeddable":true,"href":"https:\/\/www.inmobiliariacoll.com\/de\/wp-json\/wp\/v2\/property_status?post=8562"},{"taxonomy":"property_feature","embeddable":true,"href":"https:\/\/www.inmobiliariacoll.com\/de\/wp-json\/wp\/v2\/property_feature?post=8562"},{"taxonomy":"property_label","embeddable":true,"href":"https:\/\/www.inmobiliariacoll.com\/de\/wp-json\/wp\/v2\/property_label?post=8562"},{"taxonomy":"property_country","embeddable":true,"href":"https:\/\/www.inmobiliariacoll.com\/de\/wp-json\/wp\/v2\/property_country?post=8562"},{"taxonomy":"property_state","embeddable":true,"href":"https:\/\/www.inmobiliariacoll.com\/de\/wp-json\/wp\/v2\/property_state?post=8562"},{"taxonomy":"property_city","embeddable":true,"href":"https:\/\/www.inmobiliariacoll.com\/de\/wp-json\/wp\/v2\/property_city?post=8562"},{"taxonomy":"property_area","embeddable":true,"href":"https:\/\/www.inmobiliariacoll.com\/de\/wp-json\/wp\/v2\/property_area?post=8562"}],"curies":[{"name":"wp","href":"https:\/\/api.w.org\/{rel}","templated":true}]}}