{"id":8407,"date":"2022-03-23T10:31:21","date_gmt":"2022-03-23T10:31:21","guid":{"rendered":"https:\/\/www.inmobiliariacoll.com\/property\/fantastico-piso-atico-con-ascensor-y-parking-a-estrenar-en-bunola\/"},"modified":"2022-03-23T10:42:19","modified_gmt":"2022-03-23T10:42:19","slug":"fantastico-piso-atico-con-ascensor-y-parking-a-estrenar-en-bunola","status":"publish","type":"property","link":"https:\/\/www.inmobiliariacoll.com\/de\/property\/fantastico-piso-atico-con-ascensor-y-parking-a-estrenar-en-bunola\/","title":{"rendered":"Fantastisches brandneues Penthouse mit Aufzug und Parkplatz in Bu\u00f1ola"},"content":{"rendered":"\n<p>Diese sch\u00f6ne Wohnung befindet sich im Zentrum der Stadt Bu\u00f1ola, im zweiten Stock eines k\u00fcrzlich erbauten Geb\u00e4udes und bietet 3 Schlafzimmer mit Einbauschr\u00e4nken, 2 Badezimmer (eins en suite), eine voll ausgestattete K\u00fcche, die zum Wohnzimmer hin offen ist mit einem Pelletofen und einer kleinen Terrasse mit sch\u00f6ner Aussicht. Die beim Bau verwendeten Materialien sind von hoher Qualit\u00e4t, das Anwesen verf\u00fcgt auch \u00fcber eine Klimaanlage, einen Aufzug und einen Parkplatz. Die Community ist im Preis inbegriffen<\/p>\n","protected":false},"excerpt":{"rendered":"<p>Diese sch\u00f6ne Wohnung befindet sich im Zentrum der Stadt Bu\u00f1ola, im zweiten Stock eines k\u00fcrzlich erbauten Geb\u00e4udes und bietet 3 Schlafzimmer mit Einbauschr\u00e4nken, 2 Badezimmer (eins en suite), eine voll ausgestattete K\u00fcche, die zum Wohnzimmer hin offen ist mit einem Pelletofen und einer kleinen Terrasse mit sch\u00f6ner Aussicht. Die beim Bau verwendeten Materialien sind von [&hellip;]<\/p>\n","protected":false},"author":3,"featured_media":0,"parent":0,"menu_order":0,"template":"","property_type":[132],"property_status":[77],"property_feature":[],"property_label":[185],"property_country":[157],"property_state":[161],"property_city":[231],"property_area":[],"class_list":["post-8407","property","type-property","status-publish","hentry","property_type-wohnung","property_status-vermietung","property_label-gemietet","property_country-spanien","property_state-mallorca-de","property_city-bunyola-de"],"property_meta":{"fave_property_price":["1200"],"fave_property_size":["90"],"fave_property_bedrooms":["3"],"fave_property_bathrooms":["2"],"fave_property_garage_size":["Si"],"fave_property_id":["90127"],"fave_property_map":["1"],"fave_property_location":["25.68654,-80.431345,15"],"houzez_geolocation_lat":["25.68654"],"houzez_geolocation_long":["-80.431345"],"fave_property_map_street_view":["hide"],"fave_featured":["0"],"fave_loggedintoview":["0"],"fave_agent_display_option":["author_info"],"fave_agents":["-1"],"fave_property_agency":["-1"],"fave_prop_homeslider":["no"],"fave_single_top_area":["global"],"fave_single_content_area":["global"],"rs_page_bg_color":[""],"houzez_manual_expire":["0"],"_houzez_expiration_date_status":["saved"],"_wpml_media_duplicate":["1"],"_wpml_media_featured":["1"],"_edit_lock":["1668677470:3"],"_last_translation_edit_mode":["native-editor"],"_edit_last":["3"],"fave_property_images":["8351","8383","8359","8363","8371","8375","8379","8391","8395","8355","8399","8347","8387","8343","8367"],"houzez_total_property_views":["165"],"houzez_views_by_date":["a:61:{s:10:\"02-07-2025\";i:1;s:10:\"02-11-2025\";i:1;s:10:\"02-17-2025\";i:1;s:10:\"02-20-2025\";i:1;s:10:\"02-22-2025\";i:1;s:10:\"02-24-2025\";i:1;s:10:\"02-27-2025\";i:1;s:10:\"03-01-2025\";i:1;s:10:\"03-03-2025\";i:1;s:10:\"03-06-2025\";i:2;s:10:\"03-08-2025\";i:1;s:10:\"03-11-2025\";i:1;s:10:\"03-13-2025\";i:1;s:10:\"03-17-2025\";i:1;s:10:\"03-20-2025\";i:1;s:10:\"03-23-2025\";i:1;s:10:\"03-25-2025\";i:1;s:10:\"03-26-2025\";i:1;s:10:\"03-28-2025\";i:1;s:10:\"03-31-2025\";i:1;s:10:\"04-03-2025\";i:1;s:10:\"04-05-2025\";i:2;s:10:\"04-17-2025\";i:1;s:10:\"04-29-2025\";i:1;s:10:\"04-30-2025\";i:1;s:10:\"05-03-2025\";i:1;s:10:\"05-04-2025\";i:1;s:10:\"05-22-2025\";i:1;s:10:\"05-27-2025\";i:2;s:10:\"06-05-2025\";i:1;s:10:\"06-27-2025\";i:1;s:10:\"06-29-2025\";i:1;s:10:\"07-03-2025\";i:1;s:10:\"08-13-2025\";i:1;s:10:\"08-18-2025\";i:1;s:10:\"08-19-2025\";i:1;s:10:\"08-22-2025\";i:4;s:10:\"09-06-2025\";i:1;s:10:\"09-10-2025\";i:1;s:10:\"09-11-2025\";i:1;s:10:\"09-12-2025\";i:1;s:10:\"09-23-2025\";i:1;s:10:\"09-24-2025\";i:1;s:10:\"09-25-2025\";i:1;s:10:\"10-10-2025\";i:1;s:10:\"10-12-2025\";i:1;s:10:\"10-14-2025\";i:1;s:10:\"10-16-2025\";i:1;s:10:\"10-19-2025\";i:1;s:10:\"10-21-2025\";i:1;s:10:\"10-25-2025\";i:1;s:10:\"10-27-2025\";i:1;s:10:\"11-13-2025\";i:1;s:10:\"11-19-2025\";i:1;s:10:\"11-25-2025\";i:1;s:10:\"11-29-2025\";i:1;s:10:\"01-11-2026\";i:1;s:10:\"01-19-2026\";i:1;s:10:\"02-27-2026\";i:1;s:10:\"03-08-2026\";i:2;s:10:\"04-07-2026\";i:1;}"],"houzez_recently_viewed":["2026-04-07 16:12:55"]},"_links":{"self":[{"href":"https:\/\/www.inmobiliariacoll.com\/de\/wp-json\/wp\/v2\/properties\/8407","targetHints":{"allow":["GET"]}}],"collection":[{"href":"https:\/\/www.inmobiliariacoll.com\/de\/wp-json\/wp\/v2\/properties"}],"about":[{"href":"https:\/\/www.inmobiliariacoll.com\/de\/wp-json\/wp\/v2\/types\/property"}],"author":[{"embeddable":true,"href":"https:\/\/www.inmobiliariacoll.com\/de\/wp-json\/wp\/v2\/users\/3"}],"version-history":[{"count":1,"href":"https:\/\/www.inmobiliariacoll.com\/de\/wp-json\/wp\/v2\/properties\/8407\/revisions"}],"predecessor-version":[{"id":8412,"href":"https:\/\/www.inmobiliariacoll.com\/de\/wp-json\/wp\/v2\/properties\/8407\/revisions\/8412"}],"wp:attachment":[{"href":"https:\/\/www.inmobiliariacoll.com\/de\/wp-json\/wp\/v2\/media?parent=8407"}],"wp:term":[{"taxonomy":"property_type","embeddable":true,"href":"https:\/\/www.inmobiliariacoll.com\/de\/wp-json\/wp\/v2\/property_type?post=8407"},{"taxonomy":"property_status","embeddable":true,"href":"https:\/\/www.inmobiliariacoll.com\/de\/wp-json\/wp\/v2\/property_status?post=8407"},{"taxonomy":"property_feature","embeddable":true,"href":"https:\/\/www.inmobiliariacoll.com\/de\/wp-json\/wp\/v2\/property_feature?post=8407"},{"taxonomy":"property_label","embeddable":true,"href":"https:\/\/www.inmobiliariacoll.com\/de\/wp-json\/wp\/v2\/property_label?post=8407"},{"taxonomy":"property_country","embeddable":true,"href":"https:\/\/www.inmobiliariacoll.com\/de\/wp-json\/wp\/v2\/property_country?post=8407"},{"taxonomy":"property_state","embeddable":true,"href":"https:\/\/www.inmobiliariacoll.com\/de\/wp-json\/wp\/v2\/property_state?post=8407"},{"taxonomy":"property_city","embeddable":true,"href":"https:\/\/www.inmobiliariacoll.com\/de\/wp-json\/wp\/v2\/property_city?post=8407"},{"taxonomy":"property_area","embeddable":true,"href":"https:\/\/www.inmobiliariacoll.com\/de\/wp-json\/wp\/v2\/property_area?post=8407"}],"curies":[{"name":"wp","href":"https:\/\/api.w.org\/{rel}","templated":true}]}}