{"id":6988,"date":"2021-07-27T11:51:02","date_gmt":"2021-07-27T11:51:02","guid":{"rendered":"https:\/\/www.inmobiliariacoll.com\/property\/casa-de-pueblo-cerca-del-centro-con-amplias-terrazas\/"},"modified":"2021-07-27T11:59:37","modified_gmt":"2021-07-27T11:59:37","slug":"casa-de-pueblo-cerca-del-centro-con-amplias-terrazas","status":"publish","type":"property","link":"https:\/\/www.inmobiliariacoll.com\/de\/property\/casa-de-pueblo-cerca-del-centro-con-amplias-terrazas\/","title":{"rendered":"Dorfhaus nahe dem Zentrum mit gro\u00dfen Terrassen"},"content":{"rendered":"\n<p>Dieses fantastische Stadthaus befindet sich in einer sch\u00f6nen Stra\u00dfe in S\u00f3ller und verteilt sich auf einen sch\u00f6nen Eingang, Wohnzimmer, K\u00fcche, Waschk\u00fcche und Bad sowie eine ger\u00e4umige Terrasse im Erdgeschoss. Im Erdgeschoss finden wir die ger\u00e4umigen Keller, die als Spielzimmer, Fitnessraum oder Lager genutzt werden k\u00f6nnen. Der erste Stock verf\u00fcgt \u00fcber 2 Schlafzimmer, ein Badezimmer und ein weiteres Wohnzimmer. Im Obergeschoss finden wir 2 Schlafzimmer und eine weitere fantastische Terrasse mit sch\u00f6ner Aussicht. Das Anwesen ist in gutem Zustand und sehr gut gelegen, nicht weit vom Zentrum und den Servicebereichen entfernt. Hat viel Potenzial<\/p>\n","protected":false},"excerpt":{"rendered":"<p>Dieses fantastische Stadthaus befindet sich in einer sch\u00f6nen Stra\u00dfe in S\u00f3ller und verteilt sich auf einen sch\u00f6nen Eingang, Wohnzimmer, K\u00fcche, Waschk\u00fcche und Bad sowie eine ger\u00e4umige Terrasse im Erdgeschoss. Im Erdgeschoss finden wir die ger\u00e4umigen Keller, die als Spielzimmer, Fitnessraum oder Lager genutzt werden k\u00f6nnen. Der erste Stock verf\u00fcgt \u00fcber 2 Schlafzimmer, ein Badezimmer und [&hellip;]<\/p>\n","protected":false},"author":3,"featured_media":6981,"parent":0,"menu_order":0,"template":"","property_type":[137],"property_status":[149],"property_feature":[],"property_label":[],"property_country":[157],"property_state":[161],"property_city":[174],"property_area":[],"class_list":["post-6988","property","type-property","status-publish","has-post-thumbnail","hentry","property_type-haus","property_status-verkauf","property_country-spanien","property_state-mallorca-de","property_city-soller-de"],"property_meta":{"fave_property_price":["670000"],"fave_property_size":["143"],"fave_property_land":["40"],"fave_property_bedrooms":["4"],"fave_property_bathrooms":["2"],"fave_property_id":["20506"],"fave_property_map":["1"],"fave_property_location":["25.68654,-80.431345,15"],"houzez_geolocation_lat":["25.68654"],"houzez_geolocation_long":["-80.431345"],"fave_property_map_street_view":["hide"],"fave_featured":["0"],"fave_loggedintoview":["0"],"fave_agent_display_option":["author_info"],"fave_agents":["-1"],"fave_property_agency":["-1"],"fave_prop_homeslider":["no"],"fave_single_top_area":["global"],"fave_single_content_area":["global"],"rs_page_bg_color":[""],"houzez_manual_expire":["0"],"_houzez_expiration_date_status":["saved"],"_wpml_media_duplicate":["1"],"_wpml_media_featured":["1"],"_edit_lock":["1627387182:3"],"_last_translation_edit_mode":["native-editor"],"_edit_last":["3"],"fave_property_images":["6981","6953","6937","6941","6945","6949","6957","6961","6965","6969","6973","6977","6933"],"houzez_total_property_views":["153"],"houzez_views_by_date":["a:61:{s:10:\"02-03-2024\";i:1;s:10:\"02-05-2024\";i:1;s:10:\"02-24-2024\";i:1;s:10:\"03-12-2024\";i:1;s:10:\"03-30-2024\";i:1;s:10:\"04-11-2024\";i:2;s:10:\"04-25-2024\";i:1;s:10:\"05-04-2024\";i:1;s:10:\"05-08-2024\";i:1;s:10:\"05-21-2024\";i:1;s:10:\"06-05-2024\";i:1;s:10:\"06-08-2024\";i:2;s:10:\"06-12-2024\";i:1;s:10:\"06-13-2024\";i:1;s:10:\"06-24-2024\";i:1;s:10:\"06-27-2024\";i:1;s:10:\"07-22-2024\";i:1;s:10:\"08-01-2024\";i:1;s:10:\"08-16-2024\";i:1;s:10:\"08-20-2024\";i:1;s:10:\"09-06-2024\";i:1;s:10:\"09-13-2024\";i:1;s:10:\"09-29-2024\";i:1;s:10:\"10-02-2024\";i:1;s:10:\"10-04-2024\";i:1;s:10:\"10-07-2024\";i:1;s:10:\"10-16-2024\";i:1;s:10:\"10-19-2024\";i:1;s:10:\"11-05-2024\";i:1;s:10:\"11-13-2024\";i:1;s:10:\"11-19-2024\";i:1;s:10:\"11-29-2024\";i:1;s:10:\"02-09-2025\";i:1;s:10:\"02-11-2025\";i:1;s:10:\"03-06-2025\";i:1;s:10:\"03-26-2025\";i:1;s:10:\"04-05-2025\";i:1;s:10:\"04-29-2025\";i:1;s:10:\"04-30-2025\";i:1;s:10:\"05-04-2025\";i:1;s:10:\"05-22-2025\";i:1;s:10:\"06-10-2025\";i:1;s:10:\"08-12-2025\";i:1;s:10:\"09-03-2025\";i:1;s:10:\"09-11-2025\";i:2;s:10:\"09-12-2025\";i:2;s:10:\"09-22-2025\";i:1;s:10:\"09-23-2025\";i:1;s:10:\"09-25-2025\";i:2;s:10:\"10-08-2025\";i:1;s:10:\"11-13-2025\";i:1;s:10:\"11-19-2025\";i:1;s:10:\"01-10-2026\";i:1;s:10:\"01-16-2026\";i:1;s:10:\"02-01-2026\";i:2;s:10:\"03-05-2026\";i:1;s:10:\"03-06-2026\";i:1;s:10:\"03-24-2026\";i:1;s:10:\"03-26-2026\";i:1;s:10:\"04-14-2026\";i:1;s:10:\"04-15-2026\";i:1;}"],"houzez_recently_viewed":["2026-04-15 22:29:07"],"_thumbnail_id":["6981"]},"_links":{"self":[{"href":"https:\/\/www.inmobiliariacoll.com\/de\/wp-json\/wp\/v2\/properties\/6988","targetHints":{"allow":["GET"]}}],"collection":[{"href":"https:\/\/www.inmobiliariacoll.com\/de\/wp-json\/wp\/v2\/properties"}],"about":[{"href":"https:\/\/www.inmobiliariacoll.com\/de\/wp-json\/wp\/v2\/types\/property"}],"author":[{"embeddable":true,"href":"https:\/\/www.inmobiliariacoll.com\/de\/wp-json\/wp\/v2\/users\/3"}],"version-history":[{"count":1,"href":"https:\/\/www.inmobiliariacoll.com\/de\/wp-json\/wp\/v2\/properties\/6988\/revisions"}],"predecessor-version":[{"id":6993,"href":"https:\/\/www.inmobiliariacoll.com\/de\/wp-json\/wp\/v2\/properties\/6988\/revisions\/6993"}],"wp:featuredmedia":[{"embeddable":true,"href":"https:\/\/www.inmobiliariacoll.com\/de\/wp-json\/wp\/v2\/media\/6981"}],"wp:attachment":[{"href":"https:\/\/www.inmobiliariacoll.com\/de\/wp-json\/wp\/v2\/media?parent=6988"}],"wp:term":[{"taxonomy":"property_type","embeddable":true,"href":"https:\/\/www.inmobiliariacoll.com\/de\/wp-json\/wp\/v2\/property_type?post=6988"},{"taxonomy":"property_status","embeddable":true,"href":"https:\/\/www.inmobiliariacoll.com\/de\/wp-json\/wp\/v2\/property_status?post=6988"},{"taxonomy":"property_feature","embeddable":true,"href":"https:\/\/www.inmobiliariacoll.com\/de\/wp-json\/wp\/v2\/property_feature?post=6988"},{"taxonomy":"property_label","embeddable":true,"href":"https:\/\/www.inmobiliariacoll.com\/de\/wp-json\/wp\/v2\/property_label?post=6988"},{"taxonomy":"property_country","embeddable":true,"href":"https:\/\/www.inmobiliariacoll.com\/de\/wp-json\/wp\/v2\/property_country?post=6988"},{"taxonomy":"property_state","embeddable":true,"href":"https:\/\/www.inmobiliariacoll.com\/de\/wp-json\/wp\/v2\/property_state?post=6988"},{"taxonomy":"property_city","embeddable":true,"href":"https:\/\/www.inmobiliariacoll.com\/de\/wp-json\/wp\/v2\/property_city?post=6988"},{"taxonomy":"property_area","embeddable":true,"href":"https:\/\/www.inmobiliariacoll.com\/de\/wp-json\/wp\/v2\/property_area?post=6988"}],"curies":[{"name":"wp","href":"https:\/\/api.w.org\/{rel}","templated":true}]}}