{"id":3779,"date":"2021-02-23T10:17:04","date_gmt":"2021-02-23T10:17:04","guid":{"rendered":"https:\/\/www.inmobiliariacoll.com\/property\/traditional-house-with-garden-and-pool-possibility-in-fornalutx\/"},"modified":"2021-11-12T09:18:15","modified_gmt":"2021-11-12T09:18:15","slug":"traditionelles-dorfhaus-mit-garten-in-fornalutx","status":"publish","type":"property","link":"https:\/\/www.inmobiliariacoll.com\/de\/property\/traditionelles-dorfhaus-mit-garten-in-fornalutx\/","title":{"rendered":"Traditionelles Dorfhaus mit Garten in Fornalutx"},"content":{"rendered":"\n<p>Rustikales Haus in einer sch\u00f6nen Stra\u00dfe des Dorfes. Es ist auf nur zwei Etagen verteilt und hat Eingang-Wohnzimmer, K\u00fcche und ein Zimmer im Erdgeschoss. Das Obergeschoss ist in zwei gro\u00dfen Schlafzimmern verteilt, eines davon mit Ankleideraum. Drau\u00dfen gibt es ein St\u00fcck Land perfekt f\u00fcr einen sch\u00f6nen Garten mit einfacher Wartung und ein Schwimmbad, eine Au\u00dfentoilette und einen kleinen Abstellraum. Das Haus hat Holzbalken, rustikale B\u00f6den und bietet viele M\u00f6glichkeiten<\/p>\n","protected":false},"excerpt":{"rendered":"<p>Rustikales Haus in einer sch\u00f6nen Stra\u00dfe des Dorfes. Es ist auf nur zwei Etagen verteilt und hat Eingang-Wohnzimmer, K\u00fcche und ein Zimmer im Erdgeschoss. Das Obergeschoss ist in zwei gro\u00dfen Schlafzimmern verteilt, eines davon mit Ankleideraum. Drau\u00dfen gibt es ein St\u00fcck Land perfekt f\u00fcr einen sch\u00f6nen Garten mit einfacher Wartung und ein Schwimmbad, eine Au\u00dfentoilette [&hellip;]<\/p>\n","protected":false},"author":1,"featured_media":3735,"parent":0,"menu_order":0,"template":"","property_type":[74],"property_status":[149],"property_feature":[],"property_label":[197,220],"property_country":[157],"property_state":[161],"property_city":[169],"property_area":[],"class_list":["post-3779","property","type-property","status-publish","has-post-thumbnail","hentry","property_type-finca-de","property_status-verkauf","property_label-exklusiv","property_label-verkauft-von-inmob-coll","property_country-spanien","property_state-mallorca-de","property_city-fornalutx-de"],"property_meta":{"fave_property_price":["490000"],"fave_property_size":["160"],"fave_property_size_prefix":["m2"],"fave_property_bedrooms":["3"],"fave_property_rooms":["1"],"fave_property_bathrooms":["1"],"fave_property_id":["01252"],"fave_property_map":["0"],"fave_property_location":["25.68654,-80.431345,15"],"houzez_geolocation_lat":["25.68654"],"houzez_geolocation_long":["-80.431345"],"fave_property_map_street_view":["hide"],"fave_featured":["0"],"fave_loggedintoview":["0"],"fave_agent_display_option":["author_info"],"fave_agents":["-1"],"fave_property_agency":["-1"],"fave_prop_homeslider":["no"],"fave_single_top_area":["global"],"fave_single_content_area":["global"],"houzez_manual_expire":["0"],"_houzez_expiration_date_status":["saved"],"_wpml_media_duplicate":["1"],"_wpml_media_featured":["1"],"fave_property_map_address":["Fornalutx"],"houzez_total_property_views":["277"],"houzez_views_by_date":["a:61:{s:10:\"01-30-2025\";i:1;s:10:\"02-01-2025\";i:1;s:10:\"02-09-2025\";i:1;s:10:\"02-11-2025\";i:1;s:10:\"03-06-2025\";i:1;s:10:\"03-19-2025\";i:1;s:10:\"03-26-2025\";i:1;s:10:\"04-04-2025\";i:1;s:10:\"04-16-2025\";i:1;s:10:\"04-17-2025\";i:1;s:10:\"04-18-2025\";i:1;s:10:\"04-26-2025\";i:1;s:10:\"04-30-2025\";i:1;s:10:\"05-02-2025\";i:3;s:10:\"05-12-2025\";i:1;s:10:\"05-18-2025\";i:1;s:10:\"05-20-2025\";i:1;s:10:\"05-22-2025\";i:1;s:10:\"06-06-2025\";i:1;s:10:\"06-24-2025\";i:1;s:10:\"06-30-2025\";i:1;s:10:\"07-02-2025\";i:1;s:10:\"08-16-2025\";i:1;s:10:\"09-01-2025\";i:1;s:10:\"09-06-2025\";i:1;s:10:\"09-10-2025\";i:2;s:10:\"09-11-2025\";i:2;s:10:\"09-23-2025\";i:1;s:10:\"09-25-2025\";i:2;s:10:\"10-02-2025\";i:1;s:10:\"10-03-2025\";i:1;s:10:\"10-07-2025\";i:1;s:10:\"10-10-2025\";i:1;s:10:\"10-12-2025\";i:1;s:10:\"10-14-2025\";i:1;s:10:\"10-16-2025\";i:1;s:10:\"10-19-2025\";i:2;s:10:\"10-21-2025\";i:1;s:10:\"10-25-2025\";i:1;s:10:\"10-26-2025\";i:1;s:10:\"10-27-2025\";i:1;s:10:\"10-29-2025\";i:1;s:10:\"11-15-2025\";i:1;s:10:\"11-17-2025\";i:1;s:10:\"12-04-2025\";i:1;s:10:\"12-10-2025\";i:2;s:10:\"12-24-2025\";i:2;s:10:\"12-25-2025\";i:1;s:10:\"12-30-2025\";i:1;s:10:\"01-09-2026\";i:1;s:10:\"01-10-2026\";i:1;s:10:\"01-12-2026\";i:1;s:10:\"01-19-2026\";i:1;s:10:\"01-26-2026\";i:1;s:10:\"02-26-2026\";i:1;s:10:\"03-06-2026\";i:1;s:10:\"03-15-2026\";i:1;s:10:\"03-22-2026\";i:1;s:10:\"03-27-2026\";i:1;s:10:\"04-01-2026\";i:1;s:10:\"04-29-2026\";i:1;}"],"houzez_recently_viewed":["2026-04-29 19:47:45"],"_thumbnail_id":["3735"],"_edit_lock":["1636708695:3"],"_last_translation_edit_mode":["translation-editor"],"_edit_last":["3"],"fave_property_images":["3734","3738","3742","3746","3750","3754","3758","3762","3766"],"rs_page_bg_color":[""]},"_links":{"self":[{"href":"https:\/\/www.inmobiliariacoll.com\/de\/wp-json\/wp\/v2\/properties\/3779","targetHints":{"allow":["GET"]}}],"collection":[{"href":"https:\/\/www.inmobiliariacoll.com\/de\/wp-json\/wp\/v2\/properties"}],"about":[{"href":"https:\/\/www.inmobiliariacoll.com\/de\/wp-json\/wp\/v2\/types\/property"}],"author":[{"embeddable":true,"href":"https:\/\/www.inmobiliariacoll.com\/de\/wp-json\/wp\/v2\/users\/1"}],"version-history":[{"count":1,"href":"https:\/\/www.inmobiliariacoll.com\/de\/wp-json\/wp\/v2\/properties\/3779\/revisions"}],"predecessor-version":[{"id":3781,"href":"https:\/\/www.inmobiliariacoll.com\/de\/wp-json\/wp\/v2\/properties\/3779\/revisions\/3781"}],"wp:featuredmedia":[{"embeddable":true,"href":"https:\/\/www.inmobiliariacoll.com\/de\/wp-json\/wp\/v2\/media\/3735"}],"wp:attachment":[{"href":"https:\/\/www.inmobiliariacoll.com\/de\/wp-json\/wp\/v2\/media?parent=3779"}],"wp:term":[{"taxonomy":"property_type","embeddable":true,"href":"https:\/\/www.inmobiliariacoll.com\/de\/wp-json\/wp\/v2\/property_type?post=3779"},{"taxonomy":"property_status","embeddable":true,"href":"https:\/\/www.inmobiliariacoll.com\/de\/wp-json\/wp\/v2\/property_status?post=3779"},{"taxonomy":"property_feature","embeddable":true,"href":"https:\/\/www.inmobiliariacoll.com\/de\/wp-json\/wp\/v2\/property_feature?post=3779"},{"taxonomy":"property_label","embeddable":true,"href":"https:\/\/www.inmobiliariacoll.com\/de\/wp-json\/wp\/v2\/property_label?post=3779"},{"taxonomy":"property_country","embeddable":true,"href":"https:\/\/www.inmobiliariacoll.com\/de\/wp-json\/wp\/v2\/property_country?post=3779"},{"taxonomy":"property_state","embeddable":true,"href":"https:\/\/www.inmobiliariacoll.com\/de\/wp-json\/wp\/v2\/property_state?post=3779"},{"taxonomy":"property_city","embeddable":true,"href":"https:\/\/www.inmobiliariacoll.com\/de\/wp-json\/wp\/v2\/property_city?post=3779"},{"taxonomy":"property_area","embeddable":true,"href":"https:\/\/www.inmobiliariacoll.com\/de\/wp-json\/wp\/v2\/property_area?post=3779"}],"curies":[{"name":"wp","href":"https:\/\/api.w.org\/{rel}","templated":true}]}}