{"id":14030,"date":"2024-10-31T12:10:32","date_gmt":"2024-10-31T12:10:32","guid":{"rendered":"https:\/\/www.inmobiliariacoll.com\/property\/renovada-planta-baja-con-jardin-en-soller\/"},"modified":"2024-10-31T12:16:48","modified_gmt":"2024-10-31T12:16:48","slug":"renovada-planta-baja-con-jardin-en-soller","status":"publish","type":"property","link":"https:\/\/www.inmobiliariacoll.com\/de\/property\/renovada-planta-baja-con-jardin-en-soller\/","title":{"rendered":"Renoviertes Erdgeschoss mit Garten in S\u00f3ller"},"content":{"rendered":"\n<p>Komfortables Erdgeschoss mit offenen R\u00e4umen im Zentrum von S\u00f3ller, verteilt auf einen gro\u00dfen Eingang mit Essbereich, K\u00fcche, 2 Schlafzimmer, 2 Badezimmer (eines en suite), gro\u00dfes Wohnzimmer (ca. 50 m2) mit hohen Decken, Holzbalken und Zugang zu eine Terrasse. Drau\u00dfen ein sch\u00f6ner Garten mit G\u00e4stehaus und Grillplatz. Die Immobilie ist bezugsfertig und bietet viele M\u00f6glichkeiten zur Umverteilung.<\/p>\n","protected":false},"excerpt":{"rendered":"<p>Komfortables Erdgeschoss mit offenen R\u00e4umen im Zentrum von S\u00f3ller, verteilt auf einen gro\u00dfen Eingang mit Essbereich, K\u00fcche, 2 Schlafzimmer, 2 Badezimmer (eines en suite), gro\u00dfes Wohnzimmer (ca. 50 m2) mit hohen Decken, Holzbalken und Zugang zu eine Terrasse. Drau\u00dfen ein sch\u00f6ner Garten mit G\u00e4stehaus und Grillplatz. Die Immobilie ist bezugsfertig und bietet viele M\u00f6glichkeiten zur [&hellip;]<\/p>\n","protected":false},"author":3,"featured_media":13986,"parent":0,"menu_order":0,"template":"","property_type":[137,132],"property_status":[149],"property_feature":[],"property_label":[177],"property_country":[157],"property_state":[161],"property_city":[174],"property_area":[],"class_list":["post-14030","property","type-property","status-publish","has-post-thumbnail","hentry","property_type-haus","property_type-wohnung","property_status-verkauf","property_label-reduziert","property_country-spanien","property_state-mallorca-de","property_city-soller-de"],"property_meta":{"_wpml_word_count":["{\"total\":99,\"to_translate\":{\"ca\":99,\"en\":99,\"de\":99}}"],"fave_property_id":["20549"],"fave_property_map":["1"],"fave_property_location":["25.68654,-80.431345,15"],"houzez_geolocation_lat":["25.68654"],"houzez_geolocation_long":["-80.431345"],"fave_property_map_street_view":["hide"],"fave_agent_display_option":["author_info"],"fave_agents":["-1"],"fave_property_agency":["-1"],"fave_single_top_area":["global"],"fave_single_content_area":["global"],"rs_page_bg_color":[""],"houzez_manual_expire":["0"],"_houzez_expiration_date_status":["saved"],"_wpml_media_duplicate":["1"],"_wpml_media_featured":["1"],"_thumbnail_id":["13986"],"_edit_lock":["1732872568:3"],"_last_translation_edit_mode":["native-editor"],"_edit_last":["3"],"fave_property_images":["13986","13990","14018","14014","14010","14002","13998","13994","14006"],"fave_property_size":["168"],"fave_property_land":["161"],"fave_property_bedrooms":["2"],"fave_property_bathrooms":["2"],"fave_loggedintoview":["0"],"fave_prop_homeslider":["no"],"houzez_total_property_views":["53"],"houzez_views_by_date":["a:46:{s:10:\"10-31-2024\";i:1;s:10:\"11-01-2024\";i:1;s:10:\"11-18-2024\";i:3;s:10:\"11-19-2024\";i:1;s:10:\"11-20-2024\";i:1;s:10:\"11-29-2024\";i:1;s:10:\"01-09-2025\";i:1;s:10:\"01-23-2025\";i:1;s:10:\"02-08-2025\";i:1;s:10:\"02-11-2025\";i:1;s:10:\"03-06-2025\";i:1;s:10:\"03-26-2025\";i:1;s:10:\"04-04-2025\";i:1;s:10:\"04-18-2025\";i:5;s:10:\"04-25-2025\";i:2;s:10:\"04-29-2025\";i:1;s:10:\"05-22-2025\";i:1;s:10:\"05-24-2025\";i:1;s:10:\"06-04-2025\";i:1;s:10:\"06-11-2025\";i:1;s:10:\"07-02-2025\";i:1;s:10:\"07-10-2025\";i:1;s:10:\"08-10-2025\";i:1;s:10:\"08-14-2025\";i:1;s:10:\"09-01-2025\";i:1;s:10:\"09-04-2025\";i:1;s:10:\"09-11-2025\";i:1;s:10:\"09-12-2025\";i:1;s:10:\"09-17-2025\";i:1;s:10:\"09-18-2025\";i:1;s:10:\"09-19-2025\";i:1;s:10:\"09-21-2025\";i:1;s:10:\"09-23-2025\";i:1;s:10:\"09-24-2025\";i:1;s:10:\"09-25-2025\";i:1;s:10:\"10-11-2025\";i:1;s:10:\"10-21-2025\";i:1;s:10:\"10-26-2025\";i:1;s:10:\"11-14-2025\";i:1;s:10:\"11-19-2025\";i:1;s:10:\"12-30-2025\";i:1;s:10:\"01-03-2026\";i:1;s:10:\"01-09-2026\";i:1;s:10:\"01-16-2026\";i:1;s:10:\"03-07-2026\";i:1;s:10:\"03-23-2026\";i:1;}"],"houzez_recently_viewed":["2026-03-23 14:20:44"],"fave_featured":["0"],"fave_property_price":["560000"]},"_links":{"self":[{"href":"https:\/\/www.inmobiliariacoll.com\/de\/wp-json\/wp\/v2\/properties\/14030","targetHints":{"allow":["GET"]}}],"collection":[{"href":"https:\/\/www.inmobiliariacoll.com\/de\/wp-json\/wp\/v2\/properties"}],"about":[{"href":"https:\/\/www.inmobiliariacoll.com\/de\/wp-json\/wp\/v2\/types\/property"}],"author":[{"embeddable":true,"href":"https:\/\/www.inmobiliariacoll.com\/de\/wp-json\/wp\/v2\/users\/3"}],"version-history":[{"count":1,"href":"https:\/\/www.inmobiliariacoll.com\/de\/wp-json\/wp\/v2\/properties\/14030\/revisions"}],"predecessor-version":[{"id":14034,"href":"https:\/\/www.inmobiliariacoll.com\/de\/wp-json\/wp\/v2\/properties\/14030\/revisions\/14034"}],"wp:featuredmedia":[{"embeddable":true,"href":"https:\/\/www.inmobiliariacoll.com\/de\/wp-json\/wp\/v2\/media\/13986"}],"wp:attachment":[{"href":"https:\/\/www.inmobiliariacoll.com\/de\/wp-json\/wp\/v2\/media?parent=14030"}],"wp:term":[{"taxonomy":"property_type","embeddable":true,"href":"https:\/\/www.inmobiliariacoll.com\/de\/wp-json\/wp\/v2\/property_type?post=14030"},{"taxonomy":"property_status","embeddable":true,"href":"https:\/\/www.inmobiliariacoll.com\/de\/wp-json\/wp\/v2\/property_status?post=14030"},{"taxonomy":"property_feature","embeddable":true,"href":"https:\/\/www.inmobiliariacoll.com\/de\/wp-json\/wp\/v2\/property_feature?post=14030"},{"taxonomy":"property_label","embeddable":true,"href":"https:\/\/www.inmobiliariacoll.com\/de\/wp-json\/wp\/v2\/property_label?post=14030"},{"taxonomy":"property_country","embeddable":true,"href":"https:\/\/www.inmobiliariacoll.com\/de\/wp-json\/wp\/v2\/property_country?post=14030"},{"taxonomy":"property_state","embeddable":true,"href":"https:\/\/www.inmobiliariacoll.com\/de\/wp-json\/wp\/v2\/property_state?post=14030"},{"taxonomy":"property_city","embeddable":true,"href":"https:\/\/www.inmobiliariacoll.com\/de\/wp-json\/wp\/v2\/property_city?post=14030"},{"taxonomy":"property_area","embeddable":true,"href":"https:\/\/www.inmobiliariacoll.com\/de\/wp-json\/wp\/v2\/property_area?post=14030"}],"curies":[{"name":"wp","href":"https:\/\/api.w.org\/{rel}","templated":true}]}}