{"id":13710,"date":"2024-06-21T13:57:13","date_gmt":"2024-06-21T13:57:13","guid":{"rendered":"https:\/\/www.inmobiliariacoll.com\/property\/bonita-casa-de-piedra-con-ascensor-totalmente-reformada-cerca-del-centro\/"},"modified":"2024-06-21T14:02:43","modified_gmt":"2024-06-21T14:02:43","slug":"bonita-casa-de-piedra-con-ascensor-totalmente-reformada-cerca-del-centro","status":"publish","type":"property","link":"https:\/\/www.inmobiliariacoll.com\/de\/property\/bonita-casa-de-piedra-con-ascensor-totalmente-reformada-cerca-del-centro\/","title":{"rendered":"Sch\u00f6nes Steinhaus mit Aufzug, komplett renoviert in der N\u00e4he des Zentrums"},"content":{"rendered":"\n<p>Dieses sch\u00f6ne Steinhaus liegt in einer sch\u00f6nen Stra\u00dfe in S\u00f3ller, nicht weit vom Zentrum entfernt und ist in 3 Etagen unterteilt, die bequem mit einem Aufzug erreichbar sind. Das Erdgeschoss verf\u00fcgt \u00fcber ein Wohnzimmer mit offener K\u00fcche und Speisekammer, die erste Etage \u00fcber ein gro\u00dfes Zimmer mit gro\u00dfen Kleiderschr\u00e4nken und ein Badezimmer mit Dusche und die obere Etage \u00fcber ein zweites Zimmer mit Holzbalken, das als Wohnzimmer genutzt wird ein kleiner Dachboden, der als drittes Schlafzimmer, Abstellraum oder Arbeitszimmer genutzt werden k\u00f6nnte. Die Immobilie wurde komplett mit hochwertigen Materialien renoviert und verf\u00fcgt zudem \u00fcber eine Klimaanlage. Ohne Zweifel eine sehr komfortable und pflegeleichte Immobilie in der N\u00e4he des Hauptplatzes.<\/p>\n","protected":false},"excerpt":{"rendered":"<p>Dieses sch\u00f6ne Steinhaus liegt in einer sch\u00f6nen Stra\u00dfe in S\u00f3ller, nicht weit vom Zentrum entfernt und ist in 3 Etagen unterteilt, die bequem mit einem Aufzug erreichbar sind. Das Erdgeschoss verf\u00fcgt \u00fcber ein Wohnzimmer mit offener K\u00fcche und Speisekammer, die erste Etage \u00fcber ein gro\u00dfes Zimmer mit gro\u00dfen Kleiderschr\u00e4nken und ein Badezimmer mit Dusche und [&hellip;]<\/p>\n","protected":false},"author":3,"featured_media":13691,"parent":0,"menu_order":0,"template":"","property_type":[137],"property_status":[149],"property_feature":[],"property_label":[177],"property_country":[157],"property_state":[161],"property_city":[174],"property_area":[],"class_list":["post-13710","property","type-property","status-publish","has-post-thumbnail","hentry","property_type-haus","property_status-verkauf","property_label-reduziert","property_country-spanien","property_state-mallorca-de","property_city-soller-de"],"property_meta":{"_wpml_word_count":["{\"total\":164,\"to_translate\":{\"ca\":164,\"en\":164,\"de\":164}}"],"fave_property_id":["20545"],"fave_property_map":["1"],"fave_property_location":["25.68654,-80.431345,15"],"houzez_geolocation_lat":["25.68654"],"houzez_geolocation_long":["-80.431345"],"fave_property_map_street_view":["hide"],"fave_agent_display_option":["author_info"],"fave_agents":["-1"],"fave_property_agency":["-1"],"fave_single_top_area":["global"],"fave_single_content_area":["global"],"rs_page_bg_color":[""],"houzez_manual_expire":["0"],"_houzez_expiration_date_status":["saved"],"_wpml_media_duplicate":["1"],"_wpml_media_featured":["1"],"_edit_lock":["1718978627:3"],"_last_translation_edit_mode":["native-editor"],"_edit_last":["3"],"fave_property_images":["13691","13655","13659","13667","13675","13679","13683","13687","13699","13663","13703"],"fave_property_size":["120"],"fave_property_bedrooms":["2"],"fave_property_bathrooms":["2"],"fave_featured":["0"],"fave_loggedintoview":["0"],"fave_prop_homeslider":["no"],"houzez_total_property_views":["87"],"houzez_views_by_date":["a:61:{s:10:\"10-03-2024\";i:1;s:10:\"10-05-2024\";i:1;s:10:\"10-20-2024\";i:2;s:10:\"11-03-2024\";i:1;s:10:\"11-20-2024\";i:2;s:10:\"01-18-2025\";i:1;s:10:\"01-23-2025\";i:1;s:10:\"01-24-2025\";i:1;s:10:\"02-07-2025\";i:1;s:10:\"02-10-2025\";i:1;s:10:\"02-12-2025\";i:1;s:10:\"03-06-2025\";i:1;s:10:\"03-26-2025\";i:1;s:10:\"04-04-2025\";i:1;s:10:\"04-08-2025\";i:2;s:10:\"04-10-2025\";i:1;s:10:\"04-13-2025\";i:1;s:10:\"04-15-2025\";i:1;s:10:\"04-18-2025\";i:1;s:10:\"04-23-2025\";i:1;s:10:\"04-25-2025\";i:1;s:10:\"04-27-2025\";i:1;s:10:\"04-30-2025\";i:2;s:10:\"05-02-2025\";i:2;s:10:\"05-04-2025\";i:1;s:10:\"05-07-2025\";i:1;s:10:\"05-22-2025\";i:1;s:10:\"05-24-2025\";i:1;s:10:\"06-04-2025\";i:1;s:10:\"06-08-2025\";i:1;s:10:\"06-26-2025\";i:1;s:10:\"06-29-2025\";i:1;s:10:\"07-02-2025\";i:1;s:10:\"07-04-2025\";i:1;s:10:\"08-16-2025\";i:1;s:10:\"09-04-2025\";i:1;s:10:\"09-10-2025\";i:1;s:10:\"09-11-2025\";i:2;s:10:\"09-12-2025\";i:1;s:10:\"09-19-2025\";i:1;s:10:\"09-21-2025\";i:1;s:10:\"09-23-2025\";i:1;s:10:\"09-24-2025\";i:1;s:10:\"09-25-2025\";i:1;s:10:\"10-02-2025\";i:1;s:10:\"10-09-2025\";i:1;s:10:\"10-18-2025\";i:1;s:10:\"10-21-2025\";i:1;s:10:\"10-26-2025\";i:1;s:10:\"11-14-2025\";i:1;s:10:\"11-16-2025\";i:1;s:10:\"11-17-2025\";i:1;s:10:\"12-10-2025\";i:1;s:10:\"12-19-2025\";i:1;s:10:\"01-03-2026\";i:1;s:10:\"01-11-2026\";i:1;s:10:\"01-18-2026\";i:1;s:10:\"02-26-2026\";i:2;s:10:\"03-06-2026\";i:1;s:10:\"03-07-2026\";i:1;s:10:\"04-14-2026\";i:1;}"],"houzez_recently_viewed":["2026-04-14 08:48:00"],"_thumbnail_id":["13691"],"fave_property_price":["495000"]},"_links":{"self":[{"href":"https:\/\/www.inmobiliariacoll.com\/de\/wp-json\/wp\/v2\/properties\/13710","targetHints":{"allow":["GET"]}}],"collection":[{"href":"https:\/\/www.inmobiliariacoll.com\/de\/wp-json\/wp\/v2\/properties"}],"about":[{"href":"https:\/\/www.inmobiliariacoll.com\/de\/wp-json\/wp\/v2\/types\/property"}],"author":[{"embeddable":true,"href":"https:\/\/www.inmobiliariacoll.com\/de\/wp-json\/wp\/v2\/users\/3"}],"version-history":[{"count":1,"href":"https:\/\/www.inmobiliariacoll.com\/de\/wp-json\/wp\/v2\/properties\/13710\/revisions"}],"predecessor-version":[{"id":13713,"href":"https:\/\/www.inmobiliariacoll.com\/de\/wp-json\/wp\/v2\/properties\/13710\/revisions\/13713"}],"wp:featuredmedia":[{"embeddable":true,"href":"https:\/\/www.inmobiliariacoll.com\/de\/wp-json\/wp\/v2\/media\/13691"}],"wp:attachment":[{"href":"https:\/\/www.inmobiliariacoll.com\/de\/wp-json\/wp\/v2\/media?parent=13710"}],"wp:term":[{"taxonomy":"property_type","embeddable":true,"href":"https:\/\/www.inmobiliariacoll.com\/de\/wp-json\/wp\/v2\/property_type?post=13710"},{"taxonomy":"property_status","embeddable":true,"href":"https:\/\/www.inmobiliariacoll.com\/de\/wp-json\/wp\/v2\/property_status?post=13710"},{"taxonomy":"property_feature","embeddable":true,"href":"https:\/\/www.inmobiliariacoll.com\/de\/wp-json\/wp\/v2\/property_feature?post=13710"},{"taxonomy":"property_label","embeddable":true,"href":"https:\/\/www.inmobiliariacoll.com\/de\/wp-json\/wp\/v2\/property_label?post=13710"},{"taxonomy":"property_country","embeddable":true,"href":"https:\/\/www.inmobiliariacoll.com\/de\/wp-json\/wp\/v2\/property_country?post=13710"},{"taxonomy":"property_state","embeddable":true,"href":"https:\/\/www.inmobiliariacoll.com\/de\/wp-json\/wp\/v2\/property_state?post=13710"},{"taxonomy":"property_city","embeddable":true,"href":"https:\/\/www.inmobiliariacoll.com\/de\/wp-json\/wp\/v2\/property_city?post=13710"},{"taxonomy":"property_area","embeddable":true,"href":"https:\/\/www.inmobiliariacoll.com\/de\/wp-json\/wp\/v2\/property_area?post=13710"}],"curies":[{"name":"wp","href":"https:\/\/api.w.org\/{rel}","templated":true}]}}