{"id":13302,"date":"2024-02-22T12:16:42","date_gmt":"2024-02-22T12:16:42","guid":{"rendered":"https:\/\/www.inmobiliariacoll.com\/property\/casa-de-piedra-con-patio-y-terrazas-en-el-centro-de-soller\/"},"modified":"2024-02-22T12:21:10","modified_gmt":"2024-02-22T12:21:10","slug":"casa-de-piedra-con-patio-y-terrazas-en-el-centro-de-soller","status":"publish","type":"property","link":"https:\/\/www.inmobiliariacoll.com\/de\/property\/casa-de-piedra-con-patio-y-terrazas-en-el-centro-de-soller\/","title":{"rendered":"Steinhaus mit Patio und Terrassen im Zentrum von S\u00f3ller"},"content":{"rendered":"\n<p>Typisches Steinhaus im Zentrum von S\u00f3ller, aufgeteilt in einen gro\u00dfen Eingangsbereich mit Rundbogen, Wohnzimmer, K\u00fcche, Terrasse, Keller, 4 Schlafzimmer, Wohnzimmer, Hauswirtschaftsraum mit kleiner Sommerk\u00fcche und 2 Badezimmer. Die Immobilie ist mit einer Zentralheizung ausgestattet und verf\u00fcgt \u00fcber ein Dachgeschoss und zwei Terrassen, eine davon mit fantastischem Blick auf die Berge. Das Haus ist in sehr gutem Zustand, bezugsfertig!<\/p>\n","protected":false},"excerpt":{"rendered":"<p>Typisches Steinhaus im Zentrum von S\u00f3ller, aufgeteilt in einen gro\u00dfen Eingangsbereich mit Rundbogen, Wohnzimmer, K\u00fcche, Terrasse, Keller, 4 Schlafzimmer, Wohnzimmer, Hauswirtschaftsraum mit kleiner Sommerk\u00fcche und 2 Badezimmer. Die Immobilie ist mit einer Zentralheizung ausgestattet und verf\u00fcgt \u00fcber ein Dachgeschoss und zwei Terrassen, eine davon mit fantastischem Blick auf die Berge. Das Haus ist in sehr [&hellip;]<\/p>\n","protected":false},"author":3,"featured_media":13291,"parent":0,"menu_order":0,"template":"","property_type":[137],"property_status":[149],"property_feature":[],"property_label":[],"property_country":[157],"property_state":[161],"property_city":[174],"property_area":[],"class_list":["post-13302","property","type-property","status-publish","has-post-thumbnail","hentry","property_type-haus","property_status-verkauf","property_country-spanien","property_state-mallorca-de","property_city-soller-de"],"property_meta":{"_wpml_word_count":["{\"total\":106,\"to_translate\":{\"ca\":106,\"en\":106,\"de\":106}}"],"fave_property_id":["20542"],"fave_property_map":["1"],"fave_property_location":["25.68654,-80.431345,15"],"houzez_geolocation_lat":["25.68654"],"houzez_geolocation_long":["-80.431345"],"fave_property_map_street_view":["hide"],"fave_agent_display_option":["author_info"],"fave_agents":["-1"],"fave_property_agency":["-1"],"fave_single_top_area":["global"],"fave_single_content_area":["global"],"rs_page_bg_color":[""],"houzez_manual_expire":["0"],"_houzez_expiration_date_status":["saved"],"_wpml_media_duplicate":["1"],"_wpml_media_featured":["1"],"_thumbnail_id":["13291"],"_edit_lock":["1708605043:3"],"_last_translation_edit_mode":["native-editor"],"_edit_last":["3"],"fave_property_images":["13291","13255","13259","13263","13267","13271","13275","13279","13283","13287","13295"],"fave_property_price":["625000"],"fave_property_size":["270"],"fave_property_bedrooms":["4"],"fave_property_bathrooms":["2"],"fave_featured":["0"],"fave_loggedintoview":["0"],"fave_prop_homeslider":["no"],"houzez_total_property_views":["111"],"houzez_views_by_date":["a:61:{s:10:\"09-18-2024\";i:1;s:10:\"10-20-2024\";i:1;s:10:\"11-05-2024\";i:1;s:10:\"11-09-2024\";i:1;s:10:\"11-20-2024\";i:1;s:10:\"12-25-2024\";i:1;s:10:\"01-08-2025\";i:1;s:10:\"01-11-2025\";i:1;s:10:\"01-14-2025\";i:1;s:10:\"01-19-2025\";i:1;s:10:\"01-22-2025\";i:1;s:10:\"02-08-2025\";i:1;s:10:\"02-12-2025\";i:1;s:10:\"03-06-2025\";i:1;s:10:\"03-10-2025\";i:1;s:10:\"03-26-2025\";i:1;s:10:\"04-02-2025\";i:1;s:10:\"04-05-2025\";i:1;s:10:\"04-20-2025\";i:1;s:10:\"05-02-2025\";i:2;s:10:\"05-22-2025\";i:1;s:10:\"05-31-2025\";i:3;s:10:\"06-05-2025\";i:1;s:10:\"06-15-2025\";i:1;s:10:\"06-28-2025\";i:1;s:10:\"08-11-2025\";i:1;s:10:\"08-12-2025\";i:1;s:10:\"09-06-2025\";i:1;s:10:\"09-10-2025\";i:1;s:10:\"09-11-2025\";i:4;s:10:\"09-12-2025\";i:1;s:10:\"09-17-2025\";i:1;s:10:\"09-19-2025\";i:2;s:10:\"09-21-2025\";i:2;s:10:\"09-23-2025\";i:1;s:10:\"09-24-2025\";i:1;s:10:\"09-25-2025\";i:1;s:10:\"09-27-2025\";i:1;s:10:\"09-28-2025\";i:1;s:10:\"10-02-2025\";i:1;s:10:\"10-05-2025\";i:2;s:10:\"10-07-2025\";i:1;s:10:\"10-10-2025\";i:1;s:10:\"10-14-2025\";i:1;s:10:\"10-19-2025\";i:1;s:10:\"10-26-2025\";i:1;s:10:\"11-14-2025\";i:1;s:10:\"11-19-2025\";i:2;s:10:\"11-29-2025\";i:1;s:10:\"12-19-2025\";i:1;s:10:\"12-23-2025\";i:1;s:10:\"01-10-2026\";i:1;s:10:\"01-19-2026\";i:1;s:10:\"01-26-2026\";i:1;s:10:\"02-28-2026\";i:1;s:10:\"03-07-2026\";i:1;s:10:\"03-13-2026\";i:1;s:10:\"03-22-2026\";i:1;s:10:\"03-28-2026\";i:1;s:10:\"04-03-2026\";i:1;s:10:\"04-14-2026\";i:1;}"],"houzez_recently_viewed":["2026-04-14 08:49:22"]},"_links":{"self":[{"href":"https:\/\/www.inmobiliariacoll.com\/de\/wp-json\/wp\/v2\/properties\/13302","targetHints":{"allow":["GET"]}}],"collection":[{"href":"https:\/\/www.inmobiliariacoll.com\/de\/wp-json\/wp\/v2\/properties"}],"about":[{"href":"https:\/\/www.inmobiliariacoll.com\/de\/wp-json\/wp\/v2\/types\/property"}],"author":[{"embeddable":true,"href":"https:\/\/www.inmobiliariacoll.com\/de\/wp-json\/wp\/v2\/users\/3"}],"version-history":[{"count":1,"href":"https:\/\/www.inmobiliariacoll.com\/de\/wp-json\/wp\/v2\/properties\/13302\/revisions"}],"predecessor-version":[{"id":13306,"href":"https:\/\/www.inmobiliariacoll.com\/de\/wp-json\/wp\/v2\/properties\/13302\/revisions\/13306"}],"wp:featuredmedia":[{"embeddable":true,"href":"https:\/\/www.inmobiliariacoll.com\/de\/wp-json\/wp\/v2\/media\/13291"}],"wp:attachment":[{"href":"https:\/\/www.inmobiliariacoll.com\/de\/wp-json\/wp\/v2\/media?parent=13302"}],"wp:term":[{"taxonomy":"property_type","embeddable":true,"href":"https:\/\/www.inmobiliariacoll.com\/de\/wp-json\/wp\/v2\/property_type?post=13302"},{"taxonomy":"property_status","embeddable":true,"href":"https:\/\/www.inmobiliariacoll.com\/de\/wp-json\/wp\/v2\/property_status?post=13302"},{"taxonomy":"property_feature","embeddable":true,"href":"https:\/\/www.inmobiliariacoll.com\/de\/wp-json\/wp\/v2\/property_feature?post=13302"},{"taxonomy":"property_label","embeddable":true,"href":"https:\/\/www.inmobiliariacoll.com\/de\/wp-json\/wp\/v2\/property_label?post=13302"},{"taxonomy":"property_country","embeddable":true,"href":"https:\/\/www.inmobiliariacoll.com\/de\/wp-json\/wp\/v2\/property_country?post=13302"},{"taxonomy":"property_state","embeddable":true,"href":"https:\/\/www.inmobiliariacoll.com\/de\/wp-json\/wp\/v2\/property_state?post=13302"},{"taxonomy":"property_city","embeddable":true,"href":"https:\/\/www.inmobiliariacoll.com\/de\/wp-json\/wp\/v2\/property_city?post=13302"},{"taxonomy":"property_area","embeddable":true,"href":"https:\/\/www.inmobiliariacoll.com\/de\/wp-json\/wp\/v2\/property_area?post=13302"}],"curies":[{"name":"wp","href":"https:\/\/api.w.org\/{rel}","templated":true}]}}