{"id":12953,"date":"2023-12-14T11:20:10","date_gmt":"2023-12-14T11:20:10","guid":{"rendered":"https:\/\/www.inmobiliariacoll.com\/property\/bonito-olivar-en-las-montanas-de-fornalutx-con-acceso-en-coche\/"},"modified":"2023-12-14T11:28:10","modified_gmt":"2023-12-14T11:28:10","slug":"bonito-olivar-en-las-montanas-de-fornalutx-con-acceso-en-coche","status":"publish","type":"property","link":"https:\/\/www.inmobiliariacoll.com\/de\/property\/bonito-olivar-en-las-montanas-de-fornalutx-con-acceso-en-coche\/","title":{"rendered":"Wundersch\u00f6ner Olivenhain in den Bergen von Fornalutx mit Zufahrt mit dem Auto"},"content":{"rendered":"\n<p>Dieser wundersch\u00f6ne Olivenhain von ca. Das ca. 2.500 m\u00b2 gro\u00dfe Grundst\u00fcck liegt in den Bergen von Fornalutx und verf\u00fcgt \u00fcber ein Steinhaus von ca. 69m2 verteilt auf Wohnzimmer mit Kamin, K\u00fcche, Badezimmer und ein Schlafzimmer. Das Anwesen wird mit Hochleistungs-Solarpaneelen betrieben und verf\u00fcgt \u00fcber eine Zisterne. Drau\u00dfen laden die weitl\u00e4ufigen Terrassen mit jahrhundertealten Olivenb\u00e4umen dazu ein, die Ruhe zu genie\u00dfen. Erw\u00e4hnenswert ist, dass das Anwesen als \u00d6lproduzent anerkannt ist. Es gibt auch einen Grillplatz, an dem Sie angenehme Mahlzeiten mit Blick auf die Berge genie\u00dfen k\u00f6nnen. Kurz gesagt, ein Ort, an dem Sie vom Alltag abschalten und sich mit der Natur verbinden k\u00f6nnen.<\/p>\n","protected":false},"excerpt":{"rendered":"<p>Dieser wundersch\u00f6ne Olivenhain von ca. Das ca. 2.500 m\u00b2 gro\u00dfe Grundst\u00fcck liegt in den Bergen von Fornalutx und verf\u00fcgt \u00fcber ein Steinhaus von ca. 69m2 verteilt auf Wohnzimmer mit Kamin, K\u00fcche, Badezimmer und ein Schlafzimmer. Das Anwesen wird mit Hochleistungs-Solarpaneelen betrieben und verf\u00fcgt \u00fcber eine Zisterne. Drau\u00dfen laden die weitl\u00e4ufigen Terrassen mit jahrhundertealten Olivenb\u00e4umen dazu [&hellip;]<\/p>\n","protected":false},"author":3,"featured_media":12942,"parent":0,"menu_order":0,"template":"","property_type":[74,147],"property_status":[149],"property_feature":[],"property_label":[],"property_country":[157],"property_state":[161],"property_city":[169],"property_area":[],"class_list":["post-12953","property","type-property","status-publish","has-post-thumbnail","hentry","property_type-finca-de","property_type-landhaus","property_status-verkauf","property_country-spanien","property_state-mallorca-de","property_city-fornalutx-de"],"property_meta":{"_wpml_word_count":["{\"total\":152,\"to_translate\":{\"ca\":152,\"en\":152,\"de\":152}}"],"fave_property_id":["40172"],"fave_property_map":["1"],"fave_property_location":["25.68654,-80.431345,15"],"houzez_geolocation_lat":["25.68654"],"houzez_geolocation_long":["-80.431345"],"fave_property_map_street_view":["hide"],"fave_agent_display_option":["author_info"],"fave_agents":["-1"],"fave_property_agency":["-1"],"fave_single_top_area":["global"],"fave_single_content_area":["global"],"rs_page_bg_color":[""],"houzez_manual_expire":["0"],"_houzez_expiration_date_status":["saved"],"_wpml_media_duplicate":["1"],"_wpml_media_featured":["1"],"_thumbnail_id":["12942"],"_edit_lock":["1702555482:3"],"_last_translation_edit_mode":["native-editor"],"_edit_last":["3"],"fave_property_images":["12942","12938","12946","12898","12902","12906","12894","12890","12910","12914","12918","12922","12926","12930","12934"],"fave_property_size":["2500"],"fave_property_land":["69"],"fave_property_bedrooms":["1"],"fave_property_bathrooms":["1"],"fave_property_garage_size":["Si"],"fave_featured":["0"],"fave_loggedintoview":["0"],"fave_prop_homeslider":["no"],"houzez_total_property_views":["269"],"houzez_views_by_date":["a:61:{s:10:\"06-30-2025\";i:5;s:10:\"07-01-2025\";i:1;s:10:\"07-02-2025\";i:1;s:10:\"07-04-2025\";i:1;s:10:\"07-09-2025\";i:1;s:10:\"07-20-2025\";i:2;s:10:\"07-26-2025\";i:2;s:10:\"08-10-2025\";i:1;s:10:\"08-15-2025\";i:1;s:10:\"08-16-2025\";i:1;s:10:\"08-18-2025\";i:1;s:10:\"08-21-2025\";i:2;s:10:\"08-22-2025\";i:2;s:10:\"08-28-2025\";i:1;s:10:\"08-30-2025\";i:1;s:10:\"08-31-2025\";i:1;s:10:\"09-04-2025\";i:1;s:10:\"09-10-2025\";i:1;s:10:\"09-11-2025\";i:1;s:10:\"09-13-2025\";i:1;s:10:\"09-15-2025\";i:1;s:10:\"09-23-2025\";i:1;s:10:\"09-25-2025\";i:2;s:10:\"09-27-2025\";i:1;s:10:\"10-08-2025\";i:1;s:10:\"10-09-2025\";i:1;s:10:\"10-19-2025\";i:4;s:10:\"10-27-2025\";i:1;s:10:\"10-29-2025\";i:1;s:10:\"11-08-2025\";i:1;s:10:\"11-10-2025\";i:1;s:10:\"11-14-2025\";i:1;s:10:\"11-16-2025\";i:1;s:10:\"11-17-2025\";i:2;s:10:\"11-18-2025\";i:1;s:10:\"11-19-2025\";i:1;s:10:\"12-02-2025\";i:1;s:10:\"12-21-2025\";i:6;s:10:\"12-30-2025\";i:1;s:10:\"01-01-2026\";i:1;s:10:\"01-10-2026\";i:1;s:10:\"01-19-2026\";i:1;s:10:\"01-24-2026\";i:1;s:10:\"01-25-2026\";i:1;s:10:\"01-26-2026\";i:1;s:10:\"01-27-2026\";i:1;s:10:\"02-05-2026\";i:1;s:10:\"02-21-2026\";i:1;s:10:\"02-26-2026\";i:1;s:10:\"03-06-2026\";i:5;s:10:\"03-08-2026\";i:3;s:10:\"03-15-2026\";i:2;s:10:\"03-19-2026\";i:1;s:10:\"03-26-2026\";i:1;s:10:\"04-01-2026\";i:1;s:10:\"04-07-2026\";i:1;s:10:\"04-14-2026\";i:1;s:10:\"04-22-2026\";i:1;s:10:\"04-24-2026\";i:1;s:10:\"04-27-2026\";i:1;s:10:\"04-29-2026\";i:5;}"],"houzez_recently_viewed":["2026-04-29 20:39:46"]},"_links":{"self":[{"href":"https:\/\/www.inmobiliariacoll.com\/de\/wp-json\/wp\/v2\/properties\/12953","targetHints":{"allow":["GET"]}}],"collection":[{"href":"https:\/\/www.inmobiliariacoll.com\/de\/wp-json\/wp\/v2\/properties"}],"about":[{"href":"https:\/\/www.inmobiliariacoll.com\/de\/wp-json\/wp\/v2\/types\/property"}],"author":[{"embeddable":true,"href":"https:\/\/www.inmobiliariacoll.com\/de\/wp-json\/wp\/v2\/users\/3"}],"version-history":[{"count":2,"href":"https:\/\/www.inmobiliariacoll.com\/de\/wp-json\/wp\/v2\/properties\/12953\/revisions"}],"predecessor-version":[{"id":12959,"href":"https:\/\/www.inmobiliariacoll.com\/de\/wp-json\/wp\/v2\/properties\/12953\/revisions\/12959"}],"wp:featuredmedia":[{"embeddable":true,"href":"https:\/\/www.inmobiliariacoll.com\/de\/wp-json\/wp\/v2\/media\/12942"}],"wp:attachment":[{"href":"https:\/\/www.inmobiliariacoll.com\/de\/wp-json\/wp\/v2\/media?parent=12953"}],"wp:term":[{"taxonomy":"property_type","embeddable":true,"href":"https:\/\/www.inmobiliariacoll.com\/de\/wp-json\/wp\/v2\/property_type?post=12953"},{"taxonomy":"property_status","embeddable":true,"href":"https:\/\/www.inmobiliariacoll.com\/de\/wp-json\/wp\/v2\/property_status?post=12953"},{"taxonomy":"property_feature","embeddable":true,"href":"https:\/\/www.inmobiliariacoll.com\/de\/wp-json\/wp\/v2\/property_feature?post=12953"},{"taxonomy":"property_label","embeddable":true,"href":"https:\/\/www.inmobiliariacoll.com\/de\/wp-json\/wp\/v2\/property_label?post=12953"},{"taxonomy":"property_country","embeddable":true,"href":"https:\/\/www.inmobiliariacoll.com\/de\/wp-json\/wp\/v2\/property_country?post=12953"},{"taxonomy":"property_state","embeddable":true,"href":"https:\/\/www.inmobiliariacoll.com\/de\/wp-json\/wp\/v2\/property_state?post=12953"},{"taxonomy":"property_city","embeddable":true,"href":"https:\/\/www.inmobiliariacoll.com\/de\/wp-json\/wp\/v2\/property_city?post=12953"},{"taxonomy":"property_area","embeddable":true,"href":"https:\/\/www.inmobiliariacoll.com\/de\/wp-json\/wp\/v2\/property_area?post=12953"}],"curies":[{"name":"wp","href":"https:\/\/api.w.org\/{rel}","templated":true}]}}