{"id":12530,"date":"2023-09-11T16:07:55","date_gmt":"2023-09-11T16:07:55","guid":{"rendered":"https:\/\/www.inmobiliariacoll.com\/property\/tradicional-casa-de-piedra-con-patio-en-el-centro-de-soller\/"},"modified":"2023-09-11T17:10:25","modified_gmt":"2023-09-11T17:10:25","slug":"tradicional-casa-de-piedra-con-patio-en-el-centro-de-soller","status":"publish","type":"property","link":"https:\/\/www.inmobiliariacoll.com\/de\/property\/tradicional-casa-de-piedra-con-patio-en-el-centro-de-soller\/","title":{"rendered":"Traditionelles Steinhaus mit Terrasse im Zentrum von S\u00f3ller"},"content":{"rendered":"\n<p>Dieses sch\u00f6ne Steinhaus, komplett im rustikalen Stil renoviert, ist in 3 Etagen unterteilt und besteht aus einem sch\u00f6nen Steineingang mit Zugang zu einer Toilette, einem Hauswirtschaftsraum und dem ca. 200 m\u00b2 gro\u00dfen Hinterhof. 40m2, wo es einen kleinen Pool zum Abk\u00fchlen gibt. Ein paar Stufen h\u00f6her finden wir ein ger\u00e4umiges Wohnzimmer mit Holzofen, offener K\u00fcche und direktem Zugang nach drau\u00dfen. Die erste Etage verf\u00fcgt \u00fcber 2 Schlafzimmer, ein eigenes Badezimmer und einen gro\u00dfen Flur. Im Obergeschoss befindet sich ein sch\u00f6ner Dachboden mit einem gro\u00dfen Wohnzimmer, einem Schlafzimmer und einem Arbeitsbereich. Durch die Lage an einer zentralen Stra\u00dfe und zwei unabh\u00e4ngige Zufahrtsstra\u00dfen besteht die M\u00f6glichkeit, das Erdgeschoss als Gewerbeobjekt zu nutzen<\/p>\n","protected":false},"excerpt":{"rendered":"<p>Dieses sch\u00f6ne Steinhaus, komplett im rustikalen Stil renoviert, ist in 3 Etagen unterteilt und besteht aus einem sch\u00f6nen Steineingang mit Zugang zu einer Toilette, einem Hauswirtschaftsraum und dem ca. 200 m\u00b2 gro\u00dfen Hinterhof. 40m2, wo es einen kleinen Pool zum Abk\u00fchlen gibt. Ein paar Stufen h\u00f6her finden wir ein ger\u00e4umiges Wohnzimmer mit Holzofen, offener K\u00fcche [&hellip;]<\/p>\n","protected":false},"author":3,"featured_media":12519,"parent":0,"menu_order":0,"template":"","property_type":[137],"property_status":[149],"property_feature":[],"property_label":[],"property_country":[],"property_state":[],"property_city":[174],"property_area":[],"class_list":["post-12530","property","type-property","status-publish","has-post-thumbnail","hentry","property_type-haus","property_status-verkauf","property_city-soller-de"],"property_meta":{"_wpml_word_count":["{\"total\":160,\"to_translate\":{\"ca\":160,\"en\":160,\"de\":160}}"],"fave_property_id":["20539"],"fave_property_map":["1"],"fave_property_location":["25.68654,-80.431345,15"],"houzez_geolocation_lat":["25.68654"],"houzez_geolocation_long":["-80.431345"],"fave_property_map_street_view":["hide"],"fave_agent_display_option":["author_info"],"fave_agents":["-1"],"fave_property_agency":["-1"],"fave_single_top_area":["global"],"fave_single_content_area":["global"],"rs_page_bg_color":[""],"houzez_manual_expire":["0"],"_houzez_expiration_date_status":["saved"],"_wpml_media_duplicate":["1"],"_wpml_media_featured":["1"],"_edit_lock":["1694452227:3"],"_last_translation_edit_mode":["native-editor"],"_edit_last":["3"],"fave_property_images":["12519","12463","12467","12471","12475","12479","12487","12491","12495","12499","12503","12507","12511","12515","12523"],"fave_property_price":["800000"],"fave_property_size":["225"],"fave_property_land":["40"],"fave_property_bedrooms":["3"],"fave_property_bathrooms":["2"],"fave_featured":["0"],"fave_loggedintoview":["0"],"fave_prop_homeslider":["no"],"_thumbnail_id":["12519"],"houzez_total_property_views":["126"],"houzez_views_by_date":["a:61:{s:10:\"01-17-2025\";i:1;s:10:\"01-21-2025\";i:1;s:10:\"02-02-2025\";i:1;s:10:\"02-08-2025\";i:1;s:10:\"02-11-2025\";i:1;s:10:\"03-06-2025\";i:1;s:10:\"03-14-2025\";i:1;s:10:\"03-26-2025\";i:1;s:10:\"04-06-2025\";i:1;s:10:\"04-19-2025\";i:1;s:10:\"05-02-2025\";i:2;s:10:\"05-22-2025\";i:1;s:10:\"06-11-2025\";i:1;s:10:\"08-12-2025\";i:1;s:10:\"08-18-2025\";i:1;s:10:\"08-19-2025\";i:1;s:10:\"08-21-2025\";i:1;s:10:\"09-03-2025\";i:1;s:10:\"09-10-2025\";i:2;s:10:\"09-11-2025\";i:1;s:10:\"09-14-2025\";i:2;s:10:\"09-23-2025\";i:1;s:10:\"09-25-2025\";i:2;s:10:\"10-10-2025\";i:1;s:10:\"10-29-2025\";i:3;s:10:\"11-13-2025\";i:1;s:10:\"11-20-2025\";i:2;s:10:\"11-22-2025\";i:1;s:10:\"11-25-2025\";i:1;s:10:\"11-28-2025\";i:1;s:10:\"12-01-2025\";i:1;s:10:\"12-05-2025\";i:1;s:10:\"12-07-2025\";i:1;s:10:\"12-12-2025\";i:1;s:10:\"12-14-2025\";i:1;s:10:\"12-16-2025\";i:1;s:10:\"12-19-2025\";i:1;s:10:\"12-21-2025\";i:1;s:10:\"12-24-2025\";i:1;s:10:\"12-25-2025\";i:1;s:10:\"12-26-2025\";i:1;s:10:\"12-28-2025\";i:1;s:10:\"12-31-2025\";i:1;s:10:\"01-02-2026\";i:1;s:10:\"01-04-2026\";i:1;s:10:\"01-06-2026\";i:1;s:10:\"01-09-2026\";i:1;s:10:\"01-10-2026\";i:1;s:10:\"01-11-2026\";i:1;s:10:\"01-13-2026\";i:1;s:10:\"01-16-2026\";i:2;s:10:\"01-18-2026\";i:1;s:10:\"01-21-2026\";i:1;s:10:\"01-23-2026\";i:1;s:10:\"01-25-2026\";i:1;s:10:\"01-27-2026\";i:1;s:10:\"01-30-2026\";i:1;s:10:\"02-03-2026\";i:1;s:10:\"02-05-2026\";i:1;s:10:\"03-25-2026\";i:1;s:10:\"04-13-2026\";i:1;}"],"houzez_recently_viewed":["2026-04-13 10:12:23"]},"_links":{"self":[{"href":"https:\/\/www.inmobiliariacoll.com\/de\/wp-json\/wp\/v2\/properties\/12530","targetHints":{"allow":["GET"]}}],"collection":[{"href":"https:\/\/www.inmobiliariacoll.com\/de\/wp-json\/wp\/v2\/properties"}],"about":[{"href":"https:\/\/www.inmobiliariacoll.com\/de\/wp-json\/wp\/v2\/types\/property"}],"author":[{"embeddable":true,"href":"https:\/\/www.inmobiliariacoll.com\/de\/wp-json\/wp\/v2\/users\/3"}],"version-history":[{"count":1,"href":"https:\/\/www.inmobiliariacoll.com\/de\/wp-json\/wp\/v2\/properties\/12530\/revisions"}],"predecessor-version":[{"id":12535,"href":"https:\/\/www.inmobiliariacoll.com\/de\/wp-json\/wp\/v2\/properties\/12530\/revisions\/12535"}],"wp:featuredmedia":[{"embeddable":true,"href":"https:\/\/www.inmobiliariacoll.com\/de\/wp-json\/wp\/v2\/media\/12519"}],"wp:attachment":[{"href":"https:\/\/www.inmobiliariacoll.com\/de\/wp-json\/wp\/v2\/media?parent=12530"}],"wp:term":[{"taxonomy":"property_type","embeddable":true,"href":"https:\/\/www.inmobiliariacoll.com\/de\/wp-json\/wp\/v2\/property_type?post=12530"},{"taxonomy":"property_status","embeddable":true,"href":"https:\/\/www.inmobiliariacoll.com\/de\/wp-json\/wp\/v2\/property_status?post=12530"},{"taxonomy":"property_feature","embeddable":true,"href":"https:\/\/www.inmobiliariacoll.com\/de\/wp-json\/wp\/v2\/property_feature?post=12530"},{"taxonomy":"property_label","embeddable":true,"href":"https:\/\/www.inmobiliariacoll.com\/de\/wp-json\/wp\/v2\/property_label?post=12530"},{"taxonomy":"property_country","embeddable":true,"href":"https:\/\/www.inmobiliariacoll.com\/de\/wp-json\/wp\/v2\/property_country?post=12530"},{"taxonomy":"property_state","embeddable":true,"href":"https:\/\/www.inmobiliariacoll.com\/de\/wp-json\/wp\/v2\/property_state?post=12530"},{"taxonomy":"property_city","embeddable":true,"href":"https:\/\/www.inmobiliariacoll.com\/de\/wp-json\/wp\/v2\/property_city?post=12530"},{"taxonomy":"property_area","embeddable":true,"href":"https:\/\/www.inmobiliariacoll.com\/de\/wp-json\/wp\/v2\/property_area?post=12530"}],"curies":[{"name":"wp","href":"https:\/\/api.w.org\/{rel}","templated":true}]}}