{"id":11419,"date":"2023-03-29T11:28:44","date_gmt":"2023-03-29T11:28:44","guid":{"rendered":"https:\/\/www.inmobiliariacoll.com\/property\/olivar-con-casita-de-piedra-electricidad-y-fantasticas-vistas\/"},"modified":"2023-06-08T09:48:07","modified_gmt":"2023-06-08T09:48:07","slug":"olivar-con-casita-de-piedra-electricidad-y-fantasticas-vistas","status":"publish","type":"property","link":"https:\/\/www.inmobiliariacoll.com\/de\/property\/olivar-con-casita-de-piedra-electricidad-y-fantasticas-vistas\/","title":{"rendered":"Olivenhain mit Steinhaus, Strom und fantastischer Aussicht"},"content":{"rendered":"\n<p> Dieser sch\u00f6ne Olivenhain befindet sich in den Bergen von S\u00f3ller und verf\u00fcgt \u00fcber ein Steinhaus, das sich auf ein gro\u00dfes Wohnzimmer mit Holzofen und offener K\u00fcche und ein Badezimmer verteilt. Vom Wohnzimmer aus gelangt man auf eine gro\u00dfe Terrasse mit herrlichem Blick auf die Berge und sogar auf das Meer. Das Anwesen verf\u00fcgt \u00fcber eine Zufahrt mit dem Auto, Strom und einen gro\u00dfen Wassertank von ca. 30.000 Liter. Der perfekte Ort, um abzuschalten<\/p>\n","protected":false},"excerpt":{"rendered":"<p>Dieser sch\u00f6ne Olivenhain befindet sich in den Bergen von S\u00f3ller und verf\u00fcgt \u00fcber ein Steinhaus, das sich auf ein gro\u00dfes Wohnzimmer mit Holzofen und offener K\u00fcche und ein Badezimmer verteilt. Vom Wohnzimmer aus gelangt man auf eine gro\u00dfe Terrasse mit herrlichem Blick auf die Berge und sogar auf das Meer. Das Anwesen verf\u00fcgt \u00fcber eine [&hellip;]<\/p>\n","protected":false},"author":3,"featured_media":11364,"parent":0,"menu_order":0,"template":"","property_type":[74,147],"property_status":[149],"property_feature":[],"property_label":[],"property_country":[157],"property_state":[161],"property_city":[174],"property_area":[],"class_list":["post-11419","property","type-property","status-publish","has-post-thumbnail","hentry","property_type-finca-de","property_type-landhaus","property_status-verkauf","property_country-spanien","property_state-mallorca-de","property_city-soller-de"],"property_meta":{"_wpml_word_count":["{\"total\":110,\"to_translate\":{\"ca\":110,\"en\":110,\"de\":110}}"],"fave_property_id":["40167"],"fave_property_map":["1"],"fave_property_location":["25.68654,-80.431345,15"],"houzez_geolocation_lat":["25.68654"],"houzez_geolocation_long":["-80.431345"],"fave_property_map_street_view":["hide"],"fave_agent_display_option":["author_info"],"fave_agents":["-1"],"fave_property_agency":["-1"],"fave_single_top_area":["global"],"fave_single_content_area":["global"],"rs_page_bg_color":[""],"houzez_manual_expire":["0"],"_houzez_expiration_date_status":["saved"],"_wpml_media_duplicate":["1"],"_wpml_media_featured":["1"],"_thumbnail_id":["11364"],"_edit_lock":["1686217690:3"],"_last_translation_edit_mode":["native-editor"],"_edit_last":["3"],"houzez_total_property_views":["234"],"houzez_views_by_date":["a:61:{s:10:\"04-17-2025\";i:2;s:10:\"04-18-2025\";i:1;s:10:\"04-21-2025\";i:1;s:10:\"04-22-2025\";i:1;s:10:\"04-23-2025\";i:1;s:10:\"04-25-2025\";i:1;s:10:\"04-26-2025\";i:1;s:10:\"04-28-2025\";i:1;s:10:\"04-30-2025\";i:3;s:10:\"05-01-2025\";i:1;s:10:\"05-03-2025\";i:1;s:10:\"05-04-2025\";i:1;s:10:\"05-05-2025\";i:1;s:10:\"05-07-2025\";i:1;s:10:\"05-15-2025\";i:1;s:10:\"05-18-2025\";i:1;s:10:\"05-22-2025\";i:1;s:10:\"05-27-2025\";i:1;s:10:\"05-31-2025\";i:1;s:10:\"06-04-2025\";i:1;s:10:\"06-24-2025\";i:1;s:10:\"06-25-2025\";i:1;s:10:\"06-26-2025\";i:1;s:10:\"06-29-2025\";i:1;s:10:\"06-30-2025\";i:5;s:10:\"07-02-2025\";i:3;s:10:\"07-04-2025\";i:1;s:10:\"07-13-2025\";i:2;s:10:\"07-31-2025\";i:1;s:10:\"08-10-2025\";i:1;s:10:\"08-12-2025\";i:1;s:10:\"08-19-2025\";i:2;s:10:\"08-20-2025\";i:1;s:10:\"08-21-2025\";i:1;s:10:\"08-30-2025\";i:3;s:10:\"09-06-2025\";i:1;s:10:\"09-10-2025\";i:1;s:10:\"09-11-2025\";i:2;s:10:\"09-12-2025\";i:1;s:10:\"09-18-2025\";i:1;s:10:\"09-23-2025\";i:1;s:10:\"09-25-2025\";i:1;s:10:\"09-26-2025\";i:1;s:10:\"10-02-2025\";i:1;s:10:\"10-10-2025\";i:1;s:10:\"10-23-2025\";i:1;s:10:\"11-04-2025\";i:2;s:10:\"11-13-2025\";i:1;s:10:\"11-17-2025\";i:1;s:10:\"11-19-2025\";i:1;s:10:\"12-30-2025\";i:1;s:10:\"01-11-2026\";i:1;s:10:\"01-19-2026\";i:1;s:10:\"01-25-2026\";i:1;s:10:\"02-26-2026\";i:1;s:10:\"03-03-2026\";i:1;s:10:\"03-08-2026\";i:1;s:10:\"03-15-2026\";i:1;s:10:\"03-18-2026\";i:1;s:10:\"03-24-2026\";i:1;s:10:\"04-14-2026\";i:1;}"],"houzez_recently_viewed":["2026-04-14 08:45:35"],"fave_property_images":["11364","11400","11404","11412","11356","11360","11368","11372","11376","11380","11384","11388","11392","11396","11408"],"fave_property_price":["240000"],"fave_property_size":["35"],"fave_property_land":["6500"],"fave_property_bathrooms":["1"],"fave_featured":["0"],"fave_loggedintoview":["0"],"fave_prop_homeslider":["no"]},"_links":{"self":[{"href":"https:\/\/www.inmobiliariacoll.com\/de\/wp-json\/wp\/v2\/properties\/11419","targetHints":{"allow":["GET"]}}],"collection":[{"href":"https:\/\/www.inmobiliariacoll.com\/de\/wp-json\/wp\/v2\/properties"}],"about":[{"href":"https:\/\/www.inmobiliariacoll.com\/de\/wp-json\/wp\/v2\/types\/property"}],"author":[{"embeddable":true,"href":"https:\/\/www.inmobiliariacoll.com\/de\/wp-json\/wp\/v2\/users\/3"}],"version-history":[{"count":1,"href":"https:\/\/www.inmobiliariacoll.com\/de\/wp-json\/wp\/v2\/properties\/11419\/revisions"}],"predecessor-version":[{"id":11424,"href":"https:\/\/www.inmobiliariacoll.com\/de\/wp-json\/wp\/v2\/properties\/11419\/revisions\/11424"}],"wp:featuredmedia":[{"embeddable":true,"href":"https:\/\/www.inmobiliariacoll.com\/de\/wp-json\/wp\/v2\/media\/11364"}],"wp:attachment":[{"href":"https:\/\/www.inmobiliariacoll.com\/de\/wp-json\/wp\/v2\/media?parent=11419"}],"wp:term":[{"taxonomy":"property_type","embeddable":true,"href":"https:\/\/www.inmobiliariacoll.com\/de\/wp-json\/wp\/v2\/property_type?post=11419"},{"taxonomy":"property_status","embeddable":true,"href":"https:\/\/www.inmobiliariacoll.com\/de\/wp-json\/wp\/v2\/property_status?post=11419"},{"taxonomy":"property_feature","embeddable":true,"href":"https:\/\/www.inmobiliariacoll.com\/de\/wp-json\/wp\/v2\/property_feature?post=11419"},{"taxonomy":"property_label","embeddable":true,"href":"https:\/\/www.inmobiliariacoll.com\/de\/wp-json\/wp\/v2\/property_label?post=11419"},{"taxonomy":"property_country","embeddable":true,"href":"https:\/\/www.inmobiliariacoll.com\/de\/wp-json\/wp\/v2\/property_country?post=11419"},{"taxonomy":"property_state","embeddable":true,"href":"https:\/\/www.inmobiliariacoll.com\/de\/wp-json\/wp\/v2\/property_state?post=11419"},{"taxonomy":"property_city","embeddable":true,"href":"https:\/\/www.inmobiliariacoll.com\/de\/wp-json\/wp\/v2\/property_city?post=11419"},{"taxonomy":"property_area","embeddable":true,"href":"https:\/\/www.inmobiliariacoll.com\/de\/wp-json\/wp\/v2\/property_area?post=11419"}],"curies":[{"name":"wp","href":"https:\/\/api.w.org\/{rel}","templated":true}]}}