{"id":11270,"date":"2023-03-07T10:52:38","date_gmt":"2023-03-07T10:52:38","guid":{"rendered":"https:\/\/www.inmobiliariacoll.com\/property\/casa-a-reformar-con-gran-terraza-en-el-centro-de-soller\/"},"modified":"2023-03-07T10:59:08","modified_gmt":"2023-03-07T10:59:08","slug":"casa-a-reformar-con-gran-terraza-en-el-centro-de-soller","status":"publish","type":"property","link":"https:\/\/www.inmobiliariacoll.com\/de\/property\/casa-a-reformar-con-gran-terraza-en-el-centro-de-soller\/","title":{"rendered":"Renovierungsbed\u00fcrftiges Haus mit gro\u00dfer Terrasse im Zentrum von S\u00f3ller"},"content":{"rendered":"\n<p>Sie wollen sich reformieren? Dieses Steinhaus befindet sich im Zentrum von S\u00f3ller und bietet viele M\u00f6glichkeiten, ein sch\u00f6nes Haus mit gro\u00dfer Terrasse zu werden. Es erstreckt sich \u00fcber mehrere Ebenen und bietet einen typischen Eingang, ein Wohnzimmer, ein Badezimmer, eine K\u00fcche und drei Schlafzimmer.<\/p>\n","protected":false},"excerpt":{"rendered":"<p>Sie wollen sich reformieren? Dieses Steinhaus befindet sich im Zentrum von S\u00f3ller und bietet viele M\u00f6glichkeiten, ein sch\u00f6nes Haus mit gro\u00dfer Terrasse zu werden. Es erstreckt sich \u00fcber mehrere Ebenen und bietet einen typischen Eingang, ein Wohnzimmer, ein Badezimmer, eine K\u00fcche und drei Schlafzimmer.<\/p>\n","protected":false},"author":3,"featured_media":0,"parent":0,"menu_order":0,"template":"","property_type":[137],"property_status":[149],"property_feature":[],"property_label":[],"property_country":[157],"property_state":[161],"property_city":[174],"property_area":[],"class_list":["post-11270","property","type-property","status-publish","hentry","property_type-haus","property_status-verkauf","property_country-spanien","property_state-mallorca-de","property_city-soller-de"],"property_meta":{"_wpml_word_count":["{\"total\":85,\"to_translate\":{\"ca\":85,\"en\":85,\"de\":85}}"],"fave_property_id":["20534"],"fave_property_map":["1"],"fave_property_location":["25.68654,-80.431345,15"],"houzez_geolocation_lat":["25.68654"],"houzez_geolocation_long":["-80.431345"],"fave_property_map_street_view":["hide"],"fave_agent_display_option":["author_info"],"fave_agents":["-1"],"fave_property_agency":["-1"],"fave_single_top_area":["global"],"fave_single_content_area":["global"],"rs_page_bg_color":[""],"houzez_manual_expire":["0"],"_houzez_expiration_date_status":["saved"],"_wpml_media_duplicate":["1"],"_wpml_media_featured":["1"],"_edit_lock":["1751444643:3"],"_last_translation_edit_mode":["native-editor"],"_edit_last":["3"],"fave_property_images":["11215","11211","11207","11219","11223","11227","11231","11235","11239","11243","11247","11251","11255","11259","11263"],"fave_property_size":["100"],"fave_property_bedrooms":["3"],"fave_property_bathrooms":["1"],"fave_featured":["0"],"fave_loggedintoview":["0"],"fave_prop_homeslider":["no"],"houzez_total_property_views":["146"],"houzez_views_by_date":["a:61:{s:10:\"06-24-2024\";i:2;s:10:\"06-26-2024\";i:1;s:10:\"06-27-2024\";i:4;s:10:\"07-22-2024\";i:1;s:10:\"08-01-2024\";i:1;s:10:\"08-21-2024\";i:1;s:10:\"08-28-2024\";i:1;s:10:\"09-06-2024\";i:1;s:10:\"09-13-2024\";i:1;s:10:\"09-21-2024\";i:1;s:10:\"09-24-2024\";i:1;s:10:\"10-14-2024\";i:1;s:10:\"10-16-2024\";i:1;s:10:\"10-19-2024\";i:1;s:10:\"10-31-2024\";i:1;s:10:\"11-08-2024\";i:1;s:10:\"11-19-2024\";i:1;s:10:\"12-08-2024\";i:1;s:10:\"01-05-2025\";i:2;s:10:\"02-09-2025\";i:1;s:10:\"02-11-2025\";i:1;s:10:\"03-06-2025\";i:1;s:10:\"03-22-2025\";i:1;s:10:\"03-27-2025\";i:4;s:10:\"04-04-2025\";i:1;s:10:\"04-06-2025\";i:1;s:10:\"04-09-2025\";i:1;s:10:\"05-02-2025\";i:1;s:10:\"05-05-2025\";i:1;s:10:\"05-22-2025\";i:2;s:10:\"05-27-2025\";i:1;s:10:\"06-04-2025\";i:1;s:10:\"08-03-2025\";i:1;s:10:\"08-12-2025\";i:1;s:10:\"08-26-2025\";i:1;s:10:\"08-28-2025\";i:1;s:10:\"09-06-2025\";i:1;s:10:\"09-07-2025\";i:1;s:10:\"09-11-2025\";i:2;s:10:\"09-12-2025\";i:1;s:10:\"09-23-2025\";i:1;s:10:\"09-25-2025\";i:1;s:10:\"09-27-2025\";i:1;s:10:\"10-04-2025\";i:2;s:10:\"10-05-2025\";i:1;s:10:\"10-10-2025\";i:1;s:10:\"10-21-2025\";i:1;s:10:\"11-13-2025\";i:1;s:10:\"11-17-2025\";i:1;s:10:\"11-20-2025\";i:1;s:10:\"11-29-2025\";i:2;s:10:\"01-16-2026\";i:1;s:10:\"01-17-2026\";i:2;s:10:\"01-25-2026\";i:1;s:10:\"02-13-2026\";i:1;s:10:\"02-23-2026\";i:1;s:10:\"03-02-2026\";i:1;s:10:\"03-12-2026\";i:1;s:10:\"03-15-2026\";i:1;s:10:\"03-16-2026\";i:1;s:10:\"04-01-2026\";i:1;}"],"houzez_recently_viewed":["2026-04-01 14:26:07"],"fave_property_price":["260000"]},"_links":{"self":[{"href":"https:\/\/www.inmobiliariacoll.com\/de\/wp-json\/wp\/v2\/properties\/11270","targetHints":{"allow":["GET"]}}],"collection":[{"href":"https:\/\/www.inmobiliariacoll.com\/de\/wp-json\/wp\/v2\/properties"}],"about":[{"href":"https:\/\/www.inmobiliariacoll.com\/de\/wp-json\/wp\/v2\/types\/property"}],"author":[{"embeddable":true,"href":"https:\/\/www.inmobiliariacoll.com\/de\/wp-json\/wp\/v2\/users\/3"}],"version-history":[{"count":1,"href":"https:\/\/www.inmobiliariacoll.com\/de\/wp-json\/wp\/v2\/properties\/11270\/revisions"}],"predecessor-version":[{"id":11275,"href":"https:\/\/www.inmobiliariacoll.com\/de\/wp-json\/wp\/v2\/properties\/11270\/revisions\/11275"}],"wp:attachment":[{"href":"https:\/\/www.inmobiliariacoll.com\/de\/wp-json\/wp\/v2\/media?parent=11270"}],"wp:term":[{"taxonomy":"property_type","embeddable":true,"href":"https:\/\/www.inmobiliariacoll.com\/de\/wp-json\/wp\/v2\/property_type?post=11270"},{"taxonomy":"property_status","embeddable":true,"href":"https:\/\/www.inmobiliariacoll.com\/de\/wp-json\/wp\/v2\/property_status?post=11270"},{"taxonomy":"property_feature","embeddable":true,"href":"https:\/\/www.inmobiliariacoll.com\/de\/wp-json\/wp\/v2\/property_feature?post=11270"},{"taxonomy":"property_label","embeddable":true,"href":"https:\/\/www.inmobiliariacoll.com\/de\/wp-json\/wp\/v2\/property_label?post=11270"},{"taxonomy":"property_country","embeddable":true,"href":"https:\/\/www.inmobiliariacoll.com\/de\/wp-json\/wp\/v2\/property_country?post=11270"},{"taxonomy":"property_state","embeddable":true,"href":"https:\/\/www.inmobiliariacoll.com\/de\/wp-json\/wp\/v2\/property_state?post=11270"},{"taxonomy":"property_city","embeddable":true,"href":"https:\/\/www.inmobiliariacoll.com\/de\/wp-json\/wp\/v2\/property_city?post=11270"},{"taxonomy":"property_area","embeddable":true,"href":"https:\/\/www.inmobiliariacoll.com\/de\/wp-json\/wp\/v2\/property_area?post=11270"}],"curies":[{"name":"wp","href":"https:\/\/api.w.org\/{rel}","templated":true}]}}